{"id":59,"date":"2019-06-23T08:03:44","date_gmt":"2019-06-23T08:03:44","guid":{"rendered":"https:\/\/laperlaaustral.com.ar\/guerra-malvinas\/mesmerize\/"},"modified":"2024-09-17T11:51:10","modified_gmt":"2024-09-17T11:51:10","slug":"guerra-de-malvinas-1982","status":"publish","type":"page","link":"https:\/\/laperlaaustral.com.ar\/guerra-malvinas\/","title":{"rendered":"Guerra de Malvinas"},"content":{"rendered":"<div  id=\"features-10\" style=\"background-color: #f5fafd;\" data-label=\"Features\" data-id=\"features-16-card-bordered\" data-export-id=\"features-16-card-bordered\" data-category=\"features\" class=\"features-16-card-bordered content-section content-section-spacing\"><div  class=\"gridContainer\"> <div  class=\"row text-center\"><div  class=\"section-title-col\" data-type=\"column\"> <h2  class=\"\">Arenga del Alte. Carlos Cesar Busser <\/h2> <p  class=\"lead\"> As\u00ed empez\u00f3 todo all\u00e1<br ><br >Soy el Comandante de la Fuerza de desembarco, integrada por efectivos de la Infanter\u00eda de Marina y del Ejercito Argentino embarcados en este buque, de algunas fracciones a bordo del destructor Sant\u00edsima Trinidad, del rompehielos Almirante Irizar y de los buzos t\u00e1cticos embarcados en el submarino Santa Fe. Nuestra misi\u00f3n es desembarcar en nuestras Islas Malvinas y desalojar a las fuerzas militares y autoridades brit\u00e1nicas que se encuentran en ellas. Eso es lo que vamos a hacer .<br >El destino ha querido que nosotros seamos los encargados de reparar estos casi 150 a\u00f1os de usurpaci\u00f3n<br >En esas islas vamos a encontrar una poblaci\u00f3n con la que debemos tener un trato especial. Son habitantes del territorio argentino y, por lo tanto deben ser tratados como lo son todos lo que viven en la Argentina. Ustedes deber\u00e1n respetar estrictamente la propiedad y la integridad de las personas. No entraran en ninguna residencia privada, si no es por razones de combate. Respetaran a las mujeres, a los ni\u00f1os, a los ancianos y a los hombres. Ser\u00e1n duros con el enemigo, pero corteses, respetuosos y amables con la poblaci\u00f3n de nuestro territorio, a la que debemos proteger. Si alguien incurre en violaci\u00f3n, robo o pillaje, le aplicare en forma inmediata la pena m\u00e1xima.<br >Ahora con la autorizaci\u00f3n del se\u00f1or comandante del grupo de transporte, quiero expresar que lo que haga la fuerza de desembarco ser\u00e1 el resultado de la brillante tarea que los integrantes de ese grupo ya ha realizado. Gracias por traernos hasta ac\u00e1 y gracias por ponernos ma\u00f1ana en la playa.<br >No dudo que el coraje, el honor y la capacitaci\u00f3n de todos ustedes, nos dar\u00e1 la victoria. Durante mucho tiempo hemos venido adiestrando nuestros m\u00fasculos y preparando nuestras mentes y nuestros corazones para el momento supremo de enfrentar al enemigo. Ese momento ha llegado.<br >Ma\u00f1ana ustedes ser\u00e1n los vencedores. Ma\u00f1ana mostraremos al mundo una fuerza Argentina valerosa en la guerra y generosa en la victoria. Que Dios los Proteja. Ahora dir\u00e1n conmigo.<br ><br >\u00a1VIVA LA PATRIA !<br ><br >Alte. Carlos Cesar Busser <\/p><h1  class=\"\">Historias y relatos de las Fuerzas Armadas Argentinas<\/h1><\/div> <\/div> <div  class=\"row spaced-cols\" data-type=\"row\"> <div  class=\"col-xs-12 col-sm-6 col-md-4\"> <div  class=\"card no-padding bordered y-move\"> <a data-cp-link=\"1\" href=\"https:\/\/laperlaaustral.com.ar\/guerra-malvinas\/category\/ea\" target=\"_self\" rel=\"noopener noreferrer\"><img  decoding=\"async\" class=\"face\" src=\"https:\/\/laperlaaustral.com.ar\/guerra-malvinas\/wp-content\/uploads\/2019\/06\/Ejerito-Argentino-en-Malvinas.jpg\" alt=\"Ejerito Argentino\" title=\"Ejerito Argentino en Malvinas\" scale=\"0\"><\/a> <div  data-type=\"column\" class=\"col-padding-small col-padding-small-xs description-container\"> <h4  class=\"font-500\">Ejercito Argentino<\/h4> <p  class=\"\">Acciones y relatos realizados por las diferentes unidades del Ejercito Argentino durante la Guerra de Malvinas<\/p><\/div> <div  data-type=\"column\" class=\"col-padding-small col-padding-small-xs read-more-container\"><a class=\"read-more\" href=\"https:\/\/laperlaaustral.com.ar\/guerra-malvinas\/category\/ea\" target=\"_self\" data-cp-link=\"1\" rel=\"noopener noreferrer\">Leer mas<\/a><a data-cp-link=\"1\" href=\"https:\/\/laperlaaustral.com.ar\/guerra-malvinas\/category\/gna\" class=\"\" target=\"_self\" rel=\"noopener noreferrer\"><img  decoding=\"async\" class=\"custom-image\" src=\"https:\/\/laperlaaustral.com.ar\/guerra-malvinas\/wp-content\/uploads\/2019\/07\/cropped-gendarmeria_nacional-1.jpg\" alt=\"\" title=\"cropped-gendarmeria_nacional.jpg\" scale=\"0\"><\/a><h4  class=\"\">Gendarmeria Nacional<\/h4><p  class=\"lead\">Actuaci\u00f3n de la Gendarmeria Nacional Argentina durante la Guerra de Malvinas\n<\/p><a class=\"link\" href=\"https:\/\/laperlaaustral.com.ar\/guerra-malvinas\/category\/gna\" target=\"_self\" data-cp-link=\"1\" rel=\"noopener noreferrer\">Leer mas<\/a><\/div> <\/div><\/div> <div  class=\"col-xs-12 col-sm-6 col-md-4\"><div  class=\"card no-padding bordered y-move\"> <a data-cp-link=\"1\" href=\"https:\/\/laperlaaustral.com.ar\/guerra-malvinas\/category\/faa\" target=\"_self\" rel=\"noopener noreferrer\"><img  decoding=\"async\" class=\"face\" src=\"https:\/\/laperlaaustral.com.ar\/guerra-malvinas\/wp-content\/uploads\/2019\/06\/Fuerza-Aerea-Argentina-en-Malvinas.jpg\" alt=\"Fuerza Aerea Argentina\" title=\"Fuerza Aerea Argentina en Malvinas\" scale=\"0\"><\/a> <div  data-type=\"column\" class=\"col-padding-small col-padding-small-xs description-container\"> <h4  class=\"font-500\">Fuerza Aerea Argentina<\/h4> <p  class=\"\">Historias de la Fuerza A\u00e9rea Argentina, su bautismo de Fuego, \u00e9picas haza\u00f1as de sus pilotos<\/p><\/div> <div  data-type=\"column\" class=\"col-padding-small col-padding-small-xs read-more-container\"><a class=\"read-more\" href=\"https:\/\/laperlaaustral.com.ar\/guerra-malvinas\/category\/faa\" target=\"_self\" data-cp-link=\"1\" rel=\"noopener noreferrer\">Leer mas<\/a><\/div> <\/div><\/div> <div  class=\"col-xs-12 col-sm-6 col-md-4\"><div  class=\"card no-padding bordered y-move\"> <a data-cp-link=\"1\" href=\"https:\/\/laperlaaustral.com.ar\/guerra-malvinas\/category\/armada-argentina\" target=\"_self\" rel=\"noopener noreferrer\"><img  decoding=\"async\" class=\"face\" src=\"https:\/\/laperlaaustral.com.ar\/guerra-malvinas\/wp-content\/uploads\/2019\/06\/Armada-Argentina-en-Malvinas.jpg\" alt=\"Armada Republica  Argentina\" title=\"Armada Republica  Argentina en Malvinas\" scale=\"0\"><\/a> <div  data-type=\"column\" class=\"col-padding-small col-padding-small-xs description-container\"> <h4  class=\"font-500\">Armada Argentina<\/h4> <p  class=\"\">La Armada Argentina, sus historias en las unidades de mar como en la Infanter\u00eda y la Fuerza Aeronaval<\/p><\/div> <div  data-type=\"column\" class=\"col-padding-small col-padding-small-xs read-more-container\"><a class=\"read-more\" href=\"https:\/\/laperlaaustral.com.ar\/guerra-malvinas\/category\/armada-argentina\" target=\"_self\" data-cp-link=\"1\" rel=\"noopener noreferrer\" style=\"position: relative; top: 0px; left: 0px;\">Leer mas<\/a><a data-cp-link=\"1\" href=\"https:\/\/laperlaaustral.com.ar\/guerra-malvinas\/category\/pna\" class=\"\" target=\"_self\" rel=\"noopener noreferrer\"><img  decoding=\"async\" class=\"custom-image\" src=\"https:\/\/laperlaaustral.com.ar\/guerra-malvinas\/wp-content\/uploads\/2020\/05\/cropped-pna.jpg\" scale=\"0\" alt=\"\" title=\"cropped-pna003-1.jpg\"><\/a><h4  class=\"\">Prefectura Naval<\/h4><p  class=\"lead\">\nLa Prefectura Naval Argentina durante la Guerra de Las Malvinas su actuaci\u00f3n y sus historias<br >\n<\/p><a class=\"link\" href=\"https:\/\/laperlaaustral.com.ar\/guerra-malvinas\/category\/pna\" target=\"_self\" data-cp-link=\"1\" rel=\"noopener noreferrer\">Leer mas<\/a><\/div> <\/div><\/div> <\/div><\/div> <\/div><div  id=\"content-13\" style=\"background-color: #ffffff;\" data-label=\"Content\" data-id=\"content-2\" data-export-id=\"content-2\" data-category=\"content\" class=\"content-2 content-section content-section-spacing\"><div > <div  class=\"row middle-xs\"><div  class=\"col-sm-5 bg-image shadow-large-black\" data-bg=\"image\" style=\"background-image: url(&quot;https:\/\/laperlaaustral.com.ar\/guerra-malvinas\/wp-content\/uploads\/2020\/05\/cropped-condecoraciones.jpg&quot;);\"><\/div> <div  class=\"col-sm-7 full-col-left-padding full-col-right-padding\"> <div  class=\"row\"> <div  data-type=\"column\" class=\"space-bottom-small content-title-col\"> <h5  class=\"\">Guerra de Malvinas<\/h5> <h2  class=\"\">Listado de Veteranos de Guerra y sus condecoraciones<\/h2> <p  class=\"\">En esta seccion encontra el listado completo de Veteranos de Guerra sus unidades Grados y condecoraciones .\n<br ><br >Dicho listado NO ES OFICIAL<\/p><a class=\"button blue\" href=\"https:\/\/laperlaaustral.com.ar\/laperlaaustral\/Condecoracioneslist.php\" target=\"_blank\" data-cp-link=\"1\" rel=\"noopener noreferrer\">Listado de Condecoraciones<\/a><\/div> <\/div> <div  class=\"row spaced-cols \" data-type=\"row\"> <div  class=\"col-xs-6\" data-type=\"column\">  <\/div>    <\/div><\/div> <\/div><\/div> <\/div><div  data-label=\"About\" data-id=\"about--1\" data-export-id=\"about-1\" data-category=\"about\" class=\"about-1 content-section\" id=\"about-2\" style=\"background-color: rgb(245, 250, 253); background-image: none;\"><div  class=\"gridContainer\"> <div  class=\"row text-center\"><div  class=\"section-title-col\" data-type=\"column\"> <h5  class=\"\">Guerra de Malvinas<\/h5> <h2  class=\"\">Comit\u00e9 de Trabajo <span  href=\"#\" style=\"font-weight: 700; font-family: Playfair Display,sans-serif; font-style: italic;\">Planeamiento ordenado por <\/span>La Junta Militar<\/h2> <\/div> <\/div> <div  class=\"row\"> <div  class=\"button-holder space-bottom space-bottom-small\" data-type=\"column\"> <a class=\"button color1\" href=\"https:\/\/laperlaaustral.com.ar\/guerra-malvinas\/comite-de-trabajo-de-planeamiento-ordenado-por-la-junta-militares\" target=\"_self\" data-cp-link=\"1\" rel=\"noopener noreferrer\">Ver planeamiento<\/a><\/div> <div  class=\"col-xs bottom-xs flexbox image-group-bottom-3-img space-bottom-xs center-xs\"> <a data-cp-link=\"1\" href=\"https:\/\/laperlaaustral.com.ar\/guerra-malvinas\/comite-de-trabajo-de-planeamiento-ordenado-por-la-junta-militares\" class=\"left-img-anchor\" target=\"_self\" rel=\"noopener noreferrer\"><img  decoding=\"async\" class=\"left-img shadow-large-black\" data-size=\"500x300\" src=\"https:\/\/laperlaaustral.com.ar\/guerra-malvinas\/wp-content\/uploads\/2019\/06\/Armada-Argentina-en-Malvinas.jpg\" alt=\"Armada Republica Argentina\" title=\"Armada Republica  Argentina en Malvinas\" scale=\"0\"><\/a> <a data-cp-link=\"1\" href=\"https:\/\/laperlaaustral.com.ar\/guerra-malvinas\/comite-de-trabajo-de-planeamiento-ordenado-por-la-junta-militares\" class=\"center-img-anchor\" target=\"_self\" rel=\"noopener noreferrer\"><img  decoding=\"async\" class=\"center-img shadow-large-black\" data-size=\"500x300\" src=\"https:\/\/laperlaaustral.com.ar\/guerra-malvinas\/wp-content\/uploads\/2019\/06\/Ejerito-Argentino-en-Malvinas.jpg\" alt=\"Ejerito Argentino\" title=\"Ejerito Argentino en Malvinas\" scale=\"0\"><\/a> <a data-cp-link=\"1\" href=\"https:\/\/laperlaaustral.com.ar\/guerra-malvinas\/comite-de-trabajo-de-planeamiento-ordenado-por-la-junta-militares\" class=\"right-img-anchor\" target=\"_self\" rel=\"noopener noreferrer\"><img  decoding=\"async\" class=\"right-img shadow-large-black\" data-size=\"500x300\" src=\"https:\/\/laperlaaustral.com.ar\/guerra-malvinas\/wp-content\/uploads\/2019\/06\/Fuerza-Aerea-Argentina-en-Malvinas.jpg\" alt=\"Fuerza Aerea Argentina\" title=\"Fuerza Aerea Argentina en Malvinas\" scale=\"0\"><\/a><\/div> <\/div><\/div> <\/div><div  id=\"about-1\" style=\"background-color: #ffffff;\" data-label=\"About\" data-id=\"about-images-right-section-mc\" data-export-id=\"about-images-right-section-mc\" data-category=\"about\" class=\"about-images-right-section content-section content-section-spacing\"><div  class=\"gridContainer\"> <div  class=\"row middle-sm text-center\"><div  class=\"col-sm-5 content-left-sm\" data-type=\"column\"> <h5  class=\"\">Colecci\u00f3n<\/h5> <h2  class=\"\">Recopilaci\u00f3n de<br > <span  style=\"font-family: Playfair Display,sans-serif; font-weight: 700; font-style: italic;\" href=\"#\">articulos periodisticos<\/span><br >de la guerra de Malvinas<\/h2> <p  class=\"\">Colecci\u00f3n de art\u00edculos period\u00edsticos de diferentes Diarios Nacionales, con relatos de historias realizadas por las Fuerzas Armadas Argentinas durante el conflicto del Atl\u00e1ntico Sur en 1982<\/p> <a class=\"button color1\" href=\"https:\/\/laperlaaustral.com.ar\/guerra-malvinas\/malvinas-un-jurista-aleman-ratifica-la-soberania-argentina\" target=\"_self\" data-cp-link=\"1\" rel=\"noopener noreferrer\">Leer Articulos<\/a><\/div> <div  class=\"col-sm-7 space-bottom-xs\"><div  class=\"image-group-side-3-img\"> <a data-cp-link=\"1\" href=\"https:\/\/laperlaaustral.com.ar\/guerra-malvinas\/malvinas-un-jurista-aleman-ratifica-la-soberania-argentina\" target=\"_self\" rel=\"noopener noreferrer\"><img  decoding=\"async\" class=\"topimg shadow-large\" src=\"https:\/\/laperlaaustral.com.ar\/guerra-malvinas\/wp-content\/uploads\/2019\/06\/cropped-periodico03.jpg\" alt=\"\" title=\"cropped-periodico03.jpg\" scale=\"0\"><\/a> <a data-cp-link=\"1\" href=\"https:\/\/laperlaaustral.com.ar\/guerra-malvinas\/malvinas-un-jurista-aleman-ratifica-la-soberania-argentina\" target=\"_self\" rel=\"noopener noreferrer\"><img  decoding=\"async\" class=\"rightimg shadow-large\" src=\"https:\/\/laperlaaustral.com.ar\/guerra-malvinas\/wp-content\/uploads\/2019\/06\/cropped-periodico01-1.jpg\" alt=\"\" title=\"cropped-periodico01-1.jpg\" scale=\"0\"><\/a> <div  class=\"leftimg\"> <a data-cp-link=\"1\" href=\"https:\/\/laperlaaustral.com.ar\/guerra-malvinas\/malvinas-un-jurista-aleman-ratifica-la-soberania-argentina\" target=\"_self\" rel=\"noopener noreferrer\"><img  decoding=\"async\" class=\"shadow-large\" src=\"https:\/\/laperlaaustral.com.ar\/guerra-malvinas\/wp-content\/uploads\/2019\/06\/cropped-periodico02.jpg\" alt=\"\" title=\"cropped-periodico02.jpg\" scale=\"0\"><\/a><\/div> <\/div><\/div> <\/div><\/div> <\/div><div  id=\"content-14\" style=\"background-color: #f5fafd;\" data-label=\"Content\" data-id=\"content-3\" data-export-id=\"content-3\" data-category=\"content\" class=\"content-3 content-section content-section-spacing\"><div > <div  class=\"row middle-xs\"><div  class=\"col-sm-7 full-col-left-padding full-col-right-padding\"> <div  class=\"row\"><div  data-type=\"column\" class=\"space-bottom-small content-title-col\"> <h5  class=\"\">Guerra de Malvinas<\/h5> <h2  class=\"\">Cartas desde Malvinas<\/h2> <p  class=\"\">Recopilaci\u00f3n de cartas enviadas de Soldados Argentinos a familiares o amigos durante la Guerra de Malvinas<\/p><\/div> <\/div> <div  class=\"row spaced-cols\" data-type=\"row\"> <div  class=\"col-xs-6\" data-type=\"column\"> <h5  class=\"\">Teniente Roberto N\u00e9stor Estevez<\/h5> <p  class=\"\">Querido Pap\u00e1: cuando recibas esta carta yo estar\u00e9 rindiendo cuentas de mis acciones a Dios, nuestro Se\u00f1or<\/p><a class=\"button blue\" href=\"https:\/\/laperlaaustral.com.ar\/guerra-malvinas\/category\/cartas-de-malvinas\" target=\"_self\" data-cp-link=\"1\" rel=\"noopener noreferrer\">Leer carta<\/a><\/div> <div  class=\"col-xs-6\" data-type=\"column\"><h5  class=\"\">Primer Teniente D Jorge Daniel VAZQUEZ<\/h5> <p  class=\"\">Cartas enviadas por el Primer Teniente D Jorge Daniel VAZQUEZ, quien muri\u00f3 en el ataque al \u00abINVENCIBLE\u00bb<\/p><a class=\"button blue\" href=\"https:\/\/laperlaaustral.com.ar\/guerra-malvinas\/category\/cartas-de-malvinas\" target=\"_self\" data-cp-link=\"1\" rel=\"noopener noreferrer\">Leer CArta<\/a><\/div> <div  class=\"col-xs-6\" data-type=\"column\"><h5  class=\"\">Carta de Echavarr\u00eda <\/h5> <p  class=\"\">disculpa la letra pero es lo primero que puedo hacer desde el 12 de junio de 1982 en que recib\u00ed cinco balazos; as\u00ed tengo s\u00f3lo la pierna izquierda en buen estado. <\/p><a class=\"button blue\" href=\"https:\/\/laperlaaustral.com.ar\/guerra-malvinas\/category\/cartas-de-malvinas\" target=\"_self\" data-cp-link=\"1\" rel=\"noopener noreferrer\">Leer carta<\/a><\/div> <div  class=\"col-xs-6\" data-type=\"column\"><h5  class=\"\">Maestro Julio Cao <\/h5> <p  class=\"\">Carta del MAESTRO Julio Cao a sus alumnos<br ><br >Desear\u00eda que hiciera llegar a la maestra de 3ro D este mensaje para mis alumnos<\/p><a class=\"button blue\" href=\"https:\/\/laperlaaustral.com.ar\/guerra-malvinas\/category\/cartas-de-malvinas\" target=\"_self\" data-cp-link=\"1\" rel=\"noopener noreferrer\">Leer carta<\/a><\/div> <\/div><\/div> <div  class=\"col-sm-5 bg-image shadow-large-black revert-classes-holder\" data-bg=\"image\" style=\"background-image: url(&quot;https:\/\/laperlaaustral.com.ar\/guerra-malvinas\/wp-content\/uploads\/2019\/06\/Carta-desde-Malvinas.jpg&quot;);\"><\/div><\/div> <\/div><\/div><div  id=\"cta-1\" data-label=\"Cta\" data-id=\"cta-blue-section\" data-export-id=\"cta-blue-section\" data-category=\"cta\" class=\"cta-blue-section content-section content-section-spacing-medium bg-color1 white-text\"><div  class=\"gridContainer\"> <div  class=\"row middle-xs\"><div  class=\"col-sm-8 space-bottom-xs\" data-type=\"column\"> <h2  class=\"\">La Malvinas Fueron, Son y Ser\u00e1n Argentinas<br ><span  class=\"font-300\"><\/span><\/h2> <\/div> <div  class=\"col-sm-4 end-sm\" data-type=\"column\"> <\/div> <\/div><\/div> <\/div><div  id=\"team-2\" style=\"background-color: #ffffff;\" data-label=\"Team\" data-id=\"team-2\" data-export-id=\"team-2\" data-category=\"team\" class=\"team-2 content-section content-section-spacing\"><div  class=\"gridContainer\"> <div  class=\"row text-center\"><div  class=\"section-title-col\" data-type=\"column\"> <h2  class=\"\">Contenido Adicional<\/h2> <p  class=\"lead\">En Esta secci\u00f3n encontrara contenido adicional  sobre la Guerra de Malvinas, no puedes dejar de mirar, Informe Rattenbach publicado por la revista 7 D\u00edas, Historia sobre las Islas Malvinas, Marchas Militares Argentina sus letras, La Historia y viajes de Constantino Davidoff, Libros y revistas en PDF<\/p><\/div> <\/div> <div  class=\"row spaced-cols content-center-sm\" data-type=\"row\"> <div  class=\"col-sm-6 col-md-3\"> <div  class=\"card y-move no-padding bordered\"> <a data-cp-link=\"1\" href=\"https:\/\/laperlaaustral.com.ar\/guerra-malvinas\/bibliogrfia-sobre-la-guerra-de-malvinas\" target=\"_self\" rel=\"noopener noreferrer\"><img  decoding=\"async\" class=\"face\" src=\"https:\/\/laperlaaustral.com.ar\/guerra-malvinas\/wp-content\/uploads\/2019\/06\/libros_de_malvinas.jpg\" alt=\"\" title=\"libros_de_malvinas\" scale=\"0\"><\/a> <div  data-type=\"column\" class=\"col-padding-small col-padding-small-xs description-container\"> <h4  class=\"font-500\">Bibliografias<\/h4>  <div  class=\"social-icons-group\" data-type=\"group\"> <a  href=\"#\"><i  class=\"gray fa icon fa-facebook-square small\"><\/i><\/a> <a  href=\"#\"><i  class=\"gray fa icon fa-twitter-square small\"><\/i><\/a> <a  href=\"#\"><i  class=\"gray fa icon fa-linkedin-square small\"><\/i><\/a> <a  href=\"#\"><i  class=\"gray fa icon fa-google-plus-square small\"><\/i><\/a><\/div> <\/div><\/div> <\/div> <div  class=\"col-sm-6 col-md-3\"> <div  class=\"card y-move no-padding bordered\"> <a data-cp-link=\"1\" href=\"https:\/\/laperlaaustral.com.ar\/guerra-malvinas\/informe-rattenbach\" target=\"_self\" rel=\"noopener noreferrer\"><img  decoding=\"async\" class=\"face\" src=\"https:\/\/laperlaaustral.com.ar\/guerra-malvinas\/wp-content\/uploads\/2019\/06\/Informe_Rattenbach.jpg\" alt=\"\" title=\"La perla austral guerra de Malvinas 1982 cartas de malvinas, Informe Rattenbach\" scale=\"0\"><\/a> <div  data-type=\"column\" class=\"col-padding-small col-padding-small-xs description-container\"> <h4  class=\"font-500\">Informe Rattenbach<\/h4>  <div  class=\"social-icons-group\" data-type=\"group\"> <a  href=\"#\"><i  class=\"gray fa icon fa-facebook-square small\"><\/i><\/a> <a  href=\"#\"><i  class=\"gray fa icon fa-twitter-square small\"><\/i><\/a> <a  href=\"#\"><i  class=\"gray fa icon fa-linkedin-square small\"><\/i><\/a> <a  href=\"#\"><i  class=\"gray fa icon fa-google-plus-square small\"><\/i><\/a><\/div> <\/div><\/div> <\/div> <div  class=\"col-sm-6 col-md-3\"> <div  class=\"card y-move no-padding bordered\"> <a data-cp-link=\"1\" href=\"https:\/\/laperlaaustral.com.ar\/guerra-malvinas\/category\/historia-de-malvinas\" target=\"_self\" rel=\"noopener noreferrer\"><img  decoding=\"async\" class=\"face\" src=\"https:\/\/laperlaaustral.com.ar\/guerra-malvinas\/wp-content\/uploads\/2019\/06\/historia_de_malvinas.jpg\" alt=\"\" title=\"historia_de_malvinas\" scale=\"0\"><\/a> <div  data-type=\"column\" class=\"col-padding-small col-padding-small-xs description-container\"> <h4  class=\"font-500\">Historia de Malvinas<\/h4>  <div  class=\"social-icons-group\" data-type=\"group\"> <a  href=\"#\"><i  class=\"gray fa icon fa-facebook-square small\"><\/i><\/a> <a  href=\"#\"><i  class=\"gray fa icon fa-twitter-square small\"><\/i><\/a> <a  href=\"#\"><i  class=\"gray fa icon fa-linkedin-square small\"><\/i><\/a> <a  href=\"#\"><i  class=\"gray fa icon fa-google-plus-square small\"><\/i><\/a><\/div> <\/div><\/div> <\/div> <div  class=\"col-sm-6 col-md-3\"> <div  class=\"card y-move no-padding bordered\"> <a data-cp-link=\"1\" href=\"https:\/\/laperlaaustral.com.ar\/guerra-malvinas\/category\/marchas-militares\" target=\"_self\" rel=\"noopener noreferrer\"><img  decoding=\"async\" class=\"face\" src=\"https:\/\/laperlaaustral.com.ar\/guerra-malvinas\/wp-content\/uploads\/2019\/06\/marchas_militares.jpg\" alt=\"\" title=\"marchas_militares\" scale=\"0\"><\/a> <div  data-type=\"column\" class=\"col-padding-small col-padding-small-xs description-container\"> <h4  class=\"font-500\">Marchas Militares<\/h4>  <div  class=\"social-icons-group\" data-type=\"group\"> <a  href=\"#\"><i  class=\"gray fa icon fa-facebook-square small\"><\/i><\/a> <a  href=\"#\"><i  class=\"gray fa icon fa-twitter-square small\"><\/i><\/a> <a  href=\"#\"><i  class=\"gray fa icon fa-linkedin-square small\"><\/i><\/a> <a  href=\"#\"><i  class=\"gray fa icon fa-google-plus-square small\"><\/i><\/a><\/div> <\/div><\/div> <\/div> <div  class=\"col-sm-6 col-md-3\"> <div  class=\"card y-move no-padding bordered\"> <a data-cp-link=\"1\" href=\"https:\/\/laperlaaustral.com.ar\/guerra-malvinas\/category\/c-davidoff\" target=\"_self\" rel=\"noopener noreferrer\"><img  decoding=\"async\" class=\"face\" src=\"https:\/\/laperlaaustral.com.ar\/guerra-malvinas\/wp-content\/uploads\/2019\/06\/constantino_Davidoff.jpg\" alt=\"\" title=\"constantino_Davidoff\" scale=\"0\"><\/a> <div  data-type=\"column\" class=\"col-padding-small col-padding-small-xs description-container\"> <h4  class=\"font-500\">C. Davidoff<\/h4> <p  class=\"small\" style=\"font-style: italic;\">Sus viajes a Malvinas<\/p> <div  class=\"social-icons-group\" data-type=\"group\"> <a  href=\"#\"><i  class=\"gray fa icon fa-facebook-square small\"><\/i><\/a> <a  href=\"#\"><i  class=\"gray fa icon fa-twitter-square small\"><\/i><\/a> <a  href=\"#\"><i  class=\"gray fa icon fa-linkedin-square small\"><\/i><\/a> <a  href=\"#\"><i  class=\"gray fa icon fa-google-plus-square small\"><\/i><\/a><\/div> <\/div><\/div> <\/div> <div  class=\"col-sm-6 col-md-3\"> <div  class=\"card y-move no-padding bordered\"> <a data-cp-link=\"1\" href=\"https:\/\/laperlaaustral.com.ar\/guerra-malvinas\/comunicados-de-la-junta-militar\" target=\"_self\" rel=\"noopener noreferrer\"><img  decoding=\"async\" class=\"face\" src=\"https:\/\/laperlaaustral.com.ar\/guerra-malvinas\/wp-content\/uploads\/2019\/06\/cropped-galtieri.jpg\" alt=\"\" title=\"comunicados_junta_militar\" scale=\"0\"><\/a> <div  data-type=\"column\" class=\"col-padding-small col-padding-small-xs description-container\"> <h4  class=\"font-500\">Comunicados de la Junta Militar<\/h4> <p  class=\"small\" style=\"font-style: italic;\">Comunicados de Guerra<\/p> <div  class=\"social-icons-group\" data-type=\"group\"> <a  href=\"#\"><i  class=\"gray fa icon fa-facebook-square small\"><\/i><\/a> <a  href=\"#\"><i  class=\"gray fa icon fa-twitter-square small\"><\/i><\/a> <a  href=\"#\"><i  class=\"gray fa icon fa-linkedin-square small\"><\/i><\/a> <a  href=\"#\"><i  class=\"gray fa icon fa-google-plus-square small\"><\/i><\/a><\/div> <\/div><\/div> <\/div> <div  class=\"col-sm-6 col-md-3\"> <div  class=\"card y-move no-padding bordered\"> <a data-cp-link=\"1\" href=\"https:\/\/laperlaaustral.com.ar\/guerra-malvinas\/comunicados-del-estado-mayor-conjunto\" target=\"_self\" rel=\"noopener noreferrer\"><img  decoding=\"async\" class=\"face\" src=\"https:\/\/laperlaaustral.com.ar\/guerra-malvinas\/wp-content\/uploads\/2019\/06\/comunicado_estado_mayorconjunto.jpg\" alt=\"\" title=\"comunicado_estado_mayorconjunto\" scale=\"0\"><\/a> <div  data-type=\"column\" class=\"col-padding-small col-padding-small-xs description-container\"> <h4  class=\"font-500\">Comunicados del Estado Mayor Conjunto<\/h4> <p  class=\"small\" style=\"font-style: italic;\">Comunicados de Guerra<\/p> <div  class=\"social-icons-group\" data-type=\"group\"> <a  href=\"#\"><i  class=\"gray fa icon fa-facebook-square small\"><\/i><\/a> <a  href=\"#\"><i  class=\"gray fa icon fa-twitter-square small\"><\/i><\/a> <a  href=\"#\"><i  class=\"gray fa icon fa-linkedin-square small\"><\/i><\/a> <a  href=\"#\"><i  class=\"gray fa icon fa-google-plus-square small\"><\/i><\/a><\/div> <\/div><\/div> <\/div> <div  class=\"col-sm-6 col-md-3\"> <div  class=\"card y-move no-padding bordered\"> <img  decoding=\"async\" class=\"face\" src=\"https:\/\/laperlaaustral.com.ar\/guerra-malvinas\/wp-content\/uploads\/2019\/06\/libros_de_malvinas.jpg\" alt=\"Libros y publicaciones\" title=\"libros_de_malvinas\" scale=\"0\"> <div  data-type=\"column\" class=\"col-padding-small col-padding-small-xs description-container\"> <h4  class=\"font-500\">Libros de Malvinas<\/h4> <p  class=\"small\" style=\"font-style: italic;\">Libros en PDF \u2013 en construccion<\/p> <div  class=\"social-icons-group\" data-type=\"group\"> <a  href=\"#\"><i  class=\"gray fa icon fa-facebook-square small\"><\/i><\/a> <a  href=\"#\"><i  class=\"gray fa icon fa-twitter-square small\"><\/i><\/a> <a  href=\"#\"><i  class=\"gray fa icon fa-linkedin-square small\"><\/i><\/a> <a  href=\"#\"><i  class=\"gray fa icon fa-google-plus-square small\"><\/i><\/a><\/div> <\/div><\/div> <\/div><\/div> <\/div><\/div><div  data-label=\"About\" data-id=\"about--2\" data-export-id=\"about-10\" data-category=\"about\" class=\"about-10 content-section content-section-spacing\" id=\"about-3\" style=\"background-color: rgb(245, 250, 253); background-image: none;\"><div  class=\"gridContainer\"> <div  class=\"row middle-sm text-center\"><div  class=\"col-sm-5 space-bottom-xs content-column\" data-type=\"column\"> <h5  class=\"\">Guerra de Malvinas<\/h5> <h2  class=\"\">Poemas de<br > <span  style=\"font-family: Playfair Display,sans-serif; font-weight: 700; font-style: italic;\" href=\"#\">la Guerra de Malvinas<\/span> <\/h2> <p  class=\"\">Poemas de diferentes autores sobre la guerra de Malvinas <br >la guerra en letras, demostrando el Valor de nuestros H\u00e9roes<\/p> <a class=\"button color1\" href=\"https:\/\/laperlaaustral.com.ar\/guerra-malvinas\/category\/poemas-de-malvinas\" target=\"_self\" data-cp-link=\"1\" rel=\"noopener noreferrer\">Leer los poemas de Malvinas<\/a><\/div> <div  class=\"col-sm-7 flexbox middle-xs center-xs space-bottom-xs\"><div  class=\"overlay-box middle-xs center-xs flexbox\"> <div  class=\"overlay-box-offset offset-border shadow-medium border-color1 hide-xs\"><\/div> <a data-cp-link=\"1\" href=\"https:\/\/laperlaaustral.com.ar\/guerra-malvinas\/category\/poemas-de-malvinas\" target=\"_self\" rel=\"noopener noreferrer\"><img  decoding=\"async\" class=\"shadow-large\" data-size=\"485x705\" src=\"https:\/\/laperlaaustral.com.ar\/guerra-malvinas\/wp-content\/uploads\/2019\/06\/poema.jpg\" scale=\"0\"><\/a><\/div> <\/div><\/div> <\/div><\/div><div  id=\"latest-news-1\" style=\"background-color: rgb(255, 255, 255); background-image: none;\" data-label=\"Latest-news\" data-id=\"blog-section\" data-export-id=\"blog-section\" data-category=\"latest_news\" class=\"blog-section blog-section-standard content-section content-section-spacing\"><div  class=\"gridContainer\"> <div  class=\"row\"><div  data-type=\"column\" class=\"section-title-col\"> <h2  class=\"\">Ultimos Articulos publicados<\/h2> <p  class=\"lead\">\u00daltimos art\u00edculos publicados en La Perla Austral sobre el conflicto en el Atl\u00e1ntico sur Historia y relatos de soldados que pelearon en la Guerra de Malvinas<\/p><\/div> <\/div> <div  class=\"row\"> <div  data-type=\"row\" data-dynamic-columns=\"handled\" data-content-shortcode=\"mesmerize_latest_news columns=&quot;3&quot; \">\t\t<div class=\"row center-sm content-left-sm\">\n\t\t\t\t\t<div id=\"post-3675\" class=\"col-sm-6 col-md-3 space-bottom space-bottom-xs\">\n\t\t\t\t<div class=\"post-content card y-move bordered\">\n\t\t\t\t\t<div class=\"post-thumbnail\">\n   <a href=\"https:\/\/laperlaaustral.com.ar\/guerra-malvinas\/artilleros-de-frente\/\" class=\"post-list-item-thumb \">\n      <img loading=\"lazy\" decoding=\"async\" width=\"800\" height=\"567\" src=\"https:\/\/laperlaaustral.com.ar\/guerra-malvinas\/wp-content\/uploads\/2020\/03\/GA3_0004.jpg\" class=\"attachment-post-thumbnail size-post-thumbnail wp-post-image\" alt=\"Grupo de Artilleria 3\" srcset=\"https:\/\/laperlaaustral.com.ar\/guerra-malvinas\/wp-content\/uploads\/2020\/03\/GA3_0004.jpg 800w, https:\/\/laperlaaustral.com.ar\/guerra-malvinas\/wp-content\/uploads\/2020\/03\/GA3_0004-300x213.jpg 300w, https:\/\/laperlaaustral.com.ar\/guerra-malvinas\/wp-content\/uploads\/2020\/03\/GA3_0004-768x544.jpg 768w\" sizes=\"(max-width: 800px) 100vw, 800px\" \/>   <\/a>\n<\/div>\n\t\t\t\t\t<div class=\"col-padding col-padding-xs\">\n\t\t\t\t\t\t<h3 class=\"post-title space-bottom-small\">\n\t\t\t\t\t\t\t<a href=\"https:\/\/laperlaaustral.com.ar\/guerra-malvinas\/artilleros-de-frente\/\" rel=\"bookmark\">\n\t\t\t\t\t\t\t\t\u00a1ARTILLEROS DE FRENTE!\t\t\t\t\t\t\t<\/a>\n\t\t\t\t\t\t<\/h3>\n\t\t\t\t\t\t<p>\u00a1ARTILLEROS DE FRENTE! Por el Sargento Horacio Alberto Godoy Nuestra llegada a las Islas Malvinas fue quiz\u00e1 similar a la de muchas otras unidades. Lo que importa es que est\u00e1bamos[&hellip;]<\/p>\n\t\t\t\t\t\t<a class=\"read-more link\" href=\"https:\/\/laperlaaustral.com.ar\/guerra-malvinas\/artilleros-de-frente\/\">\n\t\t\t\t\t\t\tRead more\t\t\t\t\t\t<\/a>\n\t\t\t\t\t<\/div>\n\t\t\t\t<\/div>\n\t\t\t<\/div>\n\t\t\t\t\t\t<div id=\"post-3375\" class=\"col-sm-6 col-md-3 space-bottom space-bottom-xs\">\n\t\t\t\t<div class=\"post-content card y-move bordered\">\n\t\t\t\t\t<div class=\"post-thumbnail\">\n   <a href=\"https:\/\/laperlaaustral.com.ar\/guerra-malvinas\/el-c-a-e-o-de-la-fuerza-aerea\/\" class=\"post-list-item-thumb \">\n      <img loading=\"lazy\" decoding=\"async\" width=\"288\" height=\"288\" src=\"https:\/\/laperlaaustral.com.ar\/guerra-malvinas\/wp-content\/uploads\/2019\/11\/CAEO.jpg\" class=\"attachment-post-thumbnail size-post-thumbnail wp-post-image\" alt=\"\" srcset=\"https:\/\/laperlaaustral.com.ar\/guerra-malvinas\/wp-content\/uploads\/2019\/11\/CAEO.jpg 288w, https:\/\/laperlaaustral.com.ar\/guerra-malvinas\/wp-content\/uploads\/2019\/11\/CAEO-150x150.jpg 150w\" sizes=\"(max-width: 288px) 100vw, 288px\" \/>   <\/a>\n<\/div>\n\t\t\t\t\t<div class=\"col-padding col-padding-xs\">\n\t\t\t\t\t\t<h3 class=\"post-title space-bottom-small\">\n\t\t\t\t\t\t\t<a href=\"https:\/\/laperlaaustral.com.ar\/guerra-malvinas\/el-c-a-e-o-de-la-fuerza-aerea\/\" rel=\"bookmark\">\n\t\t\t\t\t\t\t\tEL C.A.E.O de la Fuerza A\u00e9rea\t\t\t\t\t\t\t<\/a>\n\t\t\t\t\t\t<\/h3>\n\t\t\t\t\t\t<p>El C.A.E.O (Conejo Alado en Operaciones) es el s\u00edmbolo del personal de la Sanidad de la Fuerza A\u00e9rea Argentina que se desempe\u00f1\u00f3 en la Guerra de las Islas Malvinas y[&hellip;]<\/p>\n\t\t\t\t\t\t<a class=\"read-more link\" href=\"https:\/\/laperlaaustral.com.ar\/guerra-malvinas\/el-c-a-e-o-de-la-fuerza-aerea\/\">\n\t\t\t\t\t\t\tRead more\t\t\t\t\t\t<\/a>\n\t\t\t\t\t<\/div>\n\t\t\t\t<\/div>\n\t\t\t<\/div>\n\t\t\t\t\t\t<div id=\"post-3372\" class=\"col-sm-6 col-md-3 space-bottom space-bottom-xs\">\n\t\t\t\t<div class=\"post-content card y-move bordered\">\n\t\t\t\t\t<div class=\"post-thumbnail\">\n   <a href=\"https:\/\/laperlaaustral.com.ar\/guerra-malvinas\/relato-sobre-el-subteniente-aliaga-ri-8\/\" class=\"post-list-item-thumb \">\n      <img loading=\"lazy\" decoding=\"async\" width=\"320\" height=\"443\" src=\"https:\/\/laperlaaustral.com.ar\/guerra-malvinas\/wp-content\/uploads\/2019\/11\/EA_ALIAGA_GUILLERMO_RICARDO.jpg\" class=\"attachment-post-thumbnail size-post-thumbnail wp-post-image\" alt=\"ALIAGA GUILLERMO RICARDO\" srcset=\"https:\/\/laperlaaustral.com.ar\/guerra-malvinas\/wp-content\/uploads\/2019\/11\/EA_ALIAGA_GUILLERMO_RICARDO.jpg 320w, https:\/\/laperlaaustral.com.ar\/guerra-malvinas\/wp-content\/uploads\/2019\/11\/EA_ALIAGA_GUILLERMO_RICARDO-217x300.jpg 217w\" sizes=\"(max-width: 320px) 100vw, 320px\" \/>   <\/a>\n<\/div>\n\t\t\t\t\t<div class=\"col-padding col-padding-xs\">\n\t\t\t\t\t\t<h3 class=\"post-title space-bottom-small\">\n\t\t\t\t\t\t\t<a href=\"https:\/\/laperlaaustral.com.ar\/guerra-malvinas\/relato-sobre-el-subteniente-aliaga-ri-8\/\" rel=\"bookmark\">\n\t\t\t\t\t\t\t\tRelato sobre el Subteniente Aliaga RI 8\t\t\t\t\t\t\t<\/a>\n\t\t\t\t\t\t<\/h3>\n\t\t\t\t\t\t<p>Relato sobre el Subteniente Aliaga RI 8\u00ab- \u00a1Mi subteniente, Marini est\u00e1 herido! &#8211; alcanz\u00f3 a escuchar Aliaga. Sin dudarlo mucho y pensando en que su hombre estaba totalmente descubierto; el[&hellip;]<\/p>\n\t\t\t\t\t\t<a class=\"read-more link\" href=\"https:\/\/laperlaaustral.com.ar\/guerra-malvinas\/relato-sobre-el-subteniente-aliaga-ri-8\/\">\n\t\t\t\t\t\t\tRead more\t\t\t\t\t\t<\/a>\n\t\t\t\t\t<\/div>\n\t\t\t\t<\/div>\n\t\t\t<\/div>\n\t\t\t\t\t\t<div id=\"post-3181\" class=\"col-sm-6 col-md-3 space-bottom space-bottom-xs\">\n\t\t\t\t<div class=\"post-content card y-move bordered\">\n\t\t\t\t\t<div class=\"post-thumbnail\">\n   <a href=\"https:\/\/laperlaaustral.com.ar\/guerra-malvinas\/juan-domingo-horisberger\/\" class=\"post-list-item-thumb \">\n      <img loading=\"lazy\" decoding=\"async\" width=\"800\" height=\"567\" src=\"https:\/\/laperlaaustral.com.ar\/guerra-malvinas\/wp-content\/uploads\/2019\/06\/Regimiento-de-infanteria-6.jpg\" class=\"attachment-post-thumbnail size-post-thumbnail wp-post-image\" alt=\"Regimiento de infanteria 6\" srcset=\"https:\/\/laperlaaustral.com.ar\/guerra-malvinas\/wp-content\/uploads\/2019\/06\/Regimiento-de-infanteria-6.jpg 800w, https:\/\/laperlaaustral.com.ar\/guerra-malvinas\/wp-content\/uploads\/2019\/06\/Regimiento-de-infanteria-6-300x213.jpg 300w, https:\/\/laperlaaustral.com.ar\/guerra-malvinas\/wp-content\/uploads\/2019\/06\/Regimiento-de-infanteria-6-768x544.jpg 768w\" sizes=\"(max-width: 800px) 100vw, 800px\" \/>   <\/a>\n<\/div>\n\t\t\t\t\t<div class=\"col-padding col-padding-xs\">\n\t\t\t\t\t\t<h3 class=\"post-title space-bottom-small\">\n\t\t\t\t\t\t\t<a href=\"https:\/\/laperlaaustral.com.ar\/guerra-malvinas\/juan-domingo-horisberger\/\" rel=\"bookmark\">\n\t\t\t\t\t\t\t\tJuan Domingo Horisberger\t\t\t\t\t\t\t<\/a>\n\t\t\t\t\t\t<\/h3>\n\t\t\t\t\t\t<p>Juan Domingo Horisberger ,Soldado conscripto Clase 62, vivenci\u00f3 su ni\u00f1ez y adolescencia en el barrio La Paloma de la Localidad de El Talar. Curs\u00f3 sus estudios en las Escuelas N\u00ba[&hellip;]<\/p>\n\t\t\t\t\t\t<a class=\"read-more link\" href=\"https:\/\/laperlaaustral.com.ar\/guerra-malvinas\/juan-domingo-horisberger\/\">\n\t\t\t\t\t\t\tRead more\t\t\t\t\t\t<\/a>\n\t\t\t\t\t<\/div>\n\t\t\t\t<\/div>\n\t\t\t<\/div>\n\t\t\t\t<\/div>\n\t<\/div><\/div> <div  class=\"row\"><div  class=\"text-center\"> <a  class=\"button color1\" data-attr-shortcode=\"href:mesmerize_blog_link\" href=\"https:\/\/laperlaaustral.com.ar\/guerra-malvinas\/blog\/\">Leer articulos<\/a><\/div> <\/div><\/div><\/div><div  id=\"contact-1\" data-label=\"Contact\" data-id=\"contact-1\" data-export-id=\"contact-1\" data-category=\"contact\" class=\"contact-1 content-section content-section-spacing white-text\" data-parallax-depth=\"20\" style=\"background-size: cover; background-position: center top; background-image: url(&quot;https:\/\/laperlaaustral.com.ar\/guerra-malvinas\/wp-content\/uploads\/2019\/06\/a4b6.jpg&quot;);\"><div  class=\"\"> <div  class=\"row text-center\"><div  class=\"section-title-col\" data-type=\"column\"> <h2  class=\"\">Contactenos <\/h2> <p  class=\"lead\">Antes de contactarnos debe saber que, No somos Veteranos de Guerra, No Tenemos ninguna informaci\u00f3n sobre Veteranos de Guerra, No tenemos informaci\u00f3n sobre ning\u00fan tipo de prestaci\u00f3n a VGM, No tenemos informaci\u00f3n sobre ingresos a ninguna fuerza.<\/p><\/div> <\/div> <div  class=\"row text-center\"> <div  class=\"col-xs-12 col-sm-8 col-sm-offset-2 contact-form-wrapper inline-info\"> <div  class=\"card large-padding\"> <div  class=\"\" data-content-shortcode=\"mesmerize_contact_form shortcode=&quot;wpforms id=&amp;amp;quot;679&amp;amp;quot; title=&amp;amp;quot;false&amp;amp;quot; description=&amp;amp;quot;false&amp;amp;quot;&quot;\" data-editable=\"true\">[wpforms id=\"679\" title=\"false\" description=\"false\"]<\/div><\/div> <\/div><\/div> <\/div><\/div>","protected":false},"excerpt":{"rendered":"<p>Arenga del Alte. Carlos Cesar Busser As\u00ed empez\u00f3 todo all\u00e1Soy el Comandante de la Fuerza de desembarco, integrada por efectivos de la Infanter\u00eda de Marina y del Ejercito Argentino embarcados en este buque, de algunas fracciones a bordo del destructor Sant\u00edsima Trinidad, del rompehielos Almirante Irizar y de los buzos t\u00e1cticos embarcados en el submarino&hellip; <br \/> <a class=\"read-more\" href=\"https:\/\/laperlaaustral.com.ar\/guerra-malvinas\/juan-domingo-horisberger\/\">Leer m\u00e1s<\/a><\/p>\n","protected":false},"author":2,"featured_media":0,"parent":0,"menu_order":0,"comment_status":"closed","ping_status":"closed","template":"page-templates\/homepage.php","meta":{"_monsterinsights_skip_tracking":false,"_monsterinsights_sitenote_active":false,"_monsterinsights_sitenote_note":"","_monsterinsights_sitenote_category":0,"footnotes":""},"yoast_head":"<!-- This site is optimized with the Yoast SEO plugin v23.4 - https:\/\/yoast.com\/wordpress\/plugins\/seo\/ -->\n<title>Guerra de Malvinas - La Perla Austral 1982 - relatos de soldados<\/title>\n<meta name=\"description\" content=\"Guerra de Malvinas, Pagina dedicada a todos los que murieron y pelearon en nuestras Islas Malvinas en 1982, informacion y relatos de los combates\" \/>\n<meta name=\"robots\" content=\"index, follow, max-snippet:-1, max-image-preview:large, max-video-preview:-1\" \/>\n<link rel=\"canonical\" href=\"https:\/\/laperlaaustral.com.ar\/guerra-malvinas\/\" \/>\n<meta property=\"og:locale\" content=\"es_ES\" \/>\n<meta property=\"og:type\" content=\"article\" \/>\n<meta property=\"og:title\" content=\"Guerra de Malvinas - La Perla Austral 1982 - relatos de soldados\" \/>\n<meta property=\"og:description\" content=\"Guerra de Malvinas, Pagina dedicada a todos los que murieron y pelearon en nuestras Islas Malvinas en 1982, informacion y relatos de los combates\" \/>\n<meta property=\"og:url\" content=\"https:\/\/laperlaaustral.com.ar\/guerra-malvinas\/\" \/>\n<meta property=\"og:site_name\" content=\"La Perla Austral\" \/>\n<meta property=\"article:publisher\" content=\"https:\/\/www.facebook.com\/La-Perla-Austra-487959322032195\" \/>\n<meta property=\"article:modified_time\" content=\"2024-09-17T11:51:10+00:00\" \/>\n<meta property=\"og:image\" content=\"https:\/\/laperlaaustral.com.ar\/guerra-malvinas\/wp-content\/uploads\/2019\/06\/Ejerito-Argentino-en-Malvinas.jpg\" \/>\n<meta name=\"twitter:card\" content=\"summary_large_image\" \/>\n<meta name=\"twitter:label1\" content=\"Tiempo de lectura\" \/>\n\t<meta name=\"twitter:data1\" content=\"5 minutos\" \/>\n<script type=\"application\/ld+json\" class=\"yoast-schema-graph\">{\"@context\":\"https:\/\/schema.org\",\"@graph\":[{\"@type\":\"WebPage\",\"@id\":\"https:\/\/laperlaaustral.com.ar\/guerra-malvinas\/\",\"url\":\"https:\/\/laperlaaustral.com.ar\/guerra-malvinas\/\",\"name\":\"Guerra de Malvinas - La Perla Austral 1982 - relatos de soldados\",\"isPartOf\":{\"@id\":\"http:\/\/laperlaaustral.com.ar\/guerra-malvinas\/#website\"},\"primaryImageOfPage\":{\"@id\":\"https:\/\/laperlaaustral.com.ar\/guerra-malvinas\/#primaryimage\"},\"image\":{\"@id\":\"https:\/\/laperlaaustral.com.ar\/guerra-malvinas\/#primaryimage\"},\"thumbnailUrl\":\"https:\/\/laperlaaustral.com.ar\/guerra-malvinas\/wp-content\/uploads\/2019\/06\/Ejerito-Argentino-en-Malvinas.jpg\",\"datePublished\":\"2019-06-23T08:03:44+00:00\",\"dateModified\":\"2024-09-17T11:51:10+00:00\",\"description\":\"Guerra de Malvinas, Pagina dedicada a todos los que murieron y pelearon en nuestras Islas Malvinas en 1982, informacion y relatos de los combates\",\"breadcrumb\":{\"@id\":\"https:\/\/laperlaaustral.com.ar\/guerra-malvinas\/#breadcrumb\"},\"inLanguage\":\"es\",\"potentialAction\":[{\"@type\":\"ReadAction\",\"target\":[\"https:\/\/laperlaaustral.com.ar\/guerra-malvinas\/\"]}]},{\"@type\":\"ImageObject\",\"inLanguage\":\"es\",\"@id\":\"https:\/\/laperlaaustral.com.ar\/guerra-malvinas\/#primaryimage\",\"url\":\"https:\/\/laperlaaustral.com.ar\/guerra-malvinas\/wp-content\/uploads\/2019\/06\/Ejerito-Argentino-en-Malvinas.jpg\",\"contentUrl\":\"https:\/\/laperlaaustral.com.ar\/guerra-malvinas\/wp-content\/uploads\/2019\/06\/Ejerito-Argentino-en-Malvinas.jpg\",\"width\":443,\"height\":320,\"caption\":\"Ejerito Argentino\"},{\"@type\":\"BreadcrumbList\",\"@id\":\"https:\/\/laperlaaustral.com.ar\/guerra-malvinas\/#breadcrumb\",\"itemListElement\":[{\"@type\":\"ListItem\",\"position\":1,\"name\":\"Portada\",\"item\":\"https:\/\/laperlaaustral.com.ar\/guerra-malvinas\/\"},{\"@type\":\"ListItem\",\"position\":2,\"name\":\"Guerra de Malvinas\"}]},{\"@type\":\"WebSite\",\"@id\":\"http:\/\/laperlaaustral.com.ar\/guerra-malvinas\/#website\",\"url\":\"http:\/\/laperlaaustral.com.ar\/guerra-malvinas\/\",\"name\":\"La Perla Austral\",\"description\":\"Guerra de Malvinas 1982\",\"potentialAction\":[{\"@type\":\"SearchAction\",\"target\":{\"@type\":\"EntryPoint\",\"urlTemplate\":\"http:\/\/laperlaaustral.com.ar\/guerra-malvinas\/?s={search_term_string}\"},\"query-input\":{\"@type\":\"PropertyValueSpecification\",\"valueRequired\":true,\"valueName\":\"search_term_string\"}}],\"inLanguage\":\"es\"}]}<\/script>\n<!-- \/ Yoast SEO plugin. -->","yoast_head_json":{"title":"Guerra de Malvinas - La Perla Austral 1982 - relatos de soldados","description":"Guerra de Malvinas, Pagina dedicada a todos los que murieron y pelearon en nuestras Islas Malvinas en 1982, informacion y relatos de los combates","robots":{"index":"index","follow":"follow","max-snippet":"max-snippet:-1","max-image-preview":"max-image-preview:large","max-video-preview":"max-video-preview:-1"},"canonical":"https:\/\/laperlaaustral.com.ar\/guerra-malvinas\/","og_locale":"es_ES","og_type":"article","og_title":"Guerra de Malvinas - La Perla Austral 1982 - relatos de soldados","og_description":"Guerra de Malvinas, Pagina dedicada a todos los que murieron y pelearon en nuestras Islas Malvinas en 1982, informacion y relatos de los combates","og_url":"https:\/\/laperlaaustral.com.ar\/guerra-malvinas\/","og_site_name":"La Perla Austral","article_publisher":"https:\/\/www.facebook.com\/La-Perla-Austra-487959322032195","article_modified_time":"2024-09-17T11:51:10+00:00","og_image":[{"url":"https:\/\/laperlaaustral.com.ar\/guerra-malvinas\/wp-content\/uploads\/2019\/06\/Ejerito-Argentino-en-Malvinas.jpg"}],"twitter_card":"summary_large_image","twitter_misc":{"Tiempo de lectura":"5 minutos"},"schema":{"@context":"https:\/\/schema.org","@graph":[{"@type":"WebPage","@id":"https:\/\/laperlaaustral.com.ar\/guerra-malvinas\/","url":"https:\/\/laperlaaustral.com.ar\/guerra-malvinas\/","name":"Guerra de Malvinas - La Perla Austral 1982 - relatos de soldados","isPartOf":{"@id":"http:\/\/laperlaaustral.com.ar\/guerra-malvinas\/#website"},"primaryImageOfPage":{"@id":"https:\/\/laperlaaustral.com.ar\/guerra-malvinas\/#primaryimage"},"image":{"@id":"https:\/\/laperlaaustral.com.ar\/guerra-malvinas\/#primaryimage"},"thumbnailUrl":"https:\/\/laperlaaustral.com.ar\/guerra-malvinas\/wp-content\/uploads\/2019\/06\/Ejerito-Argentino-en-Malvinas.jpg","datePublished":"2019-06-23T08:03:44+00:00","dateModified":"2024-09-17T11:51:10+00:00","description":"Guerra de Malvinas, Pagina dedicada a todos los que murieron y pelearon en nuestras Islas Malvinas en 1982, informacion y relatos de los combates","breadcrumb":{"@id":"https:\/\/laperlaaustral.com.ar\/guerra-malvinas\/#breadcrumb"},"inLanguage":"es","potentialAction":[{"@type":"ReadAction","target":["https:\/\/laperlaaustral.com.ar\/guerra-malvinas\/"]}]},{"@type":"ImageObject","inLanguage":"es","@id":"https:\/\/laperlaaustral.com.ar\/guerra-malvinas\/#primaryimage","url":"https:\/\/laperlaaustral.com.ar\/guerra-malvinas\/wp-content\/uploads\/2019\/06\/Ejerito-Argentino-en-Malvinas.jpg","contentUrl":"https:\/\/laperlaaustral.com.ar\/guerra-malvinas\/wp-content\/uploads\/2019\/06\/Ejerito-Argentino-en-Malvinas.jpg","width":443,"height":320,"caption":"Ejerito Argentino"},{"@type":"BreadcrumbList","@id":"https:\/\/laperlaaustral.com.ar\/guerra-malvinas\/#breadcrumb","itemListElement":[{"@type":"ListItem","position":1,"name":"Portada","item":"https:\/\/laperlaaustral.com.ar\/guerra-malvinas\/"},{"@type":"ListItem","position":2,"name":"Guerra de Malvinas"}]},{"@type":"WebSite","@id":"http:\/\/laperlaaustral.com.ar\/guerra-malvinas\/#website","url":"http:\/\/laperlaaustral.com.ar\/guerra-malvinas\/","name":"La Perla Austral","description":"Guerra de Malvinas 1982","potentialAction":[{"@type":"SearchAction","target":{"@type":"EntryPoint","urlTemplate":"http:\/\/laperlaaustral.com.ar\/guerra-malvinas\/?s={search_term_string}"},"query-input":{"@type":"PropertyValueSpecification","valueRequired":true,"valueName":"search_term_string"}}],"inLanguage":"es"}]}},"_links":{"self":[{"href":"https:\/\/laperlaaustral.com.ar\/guerra-malvinas\/wp-json\/wp\/v2\/pages\/59"}],"collection":[{"href":"https:\/\/laperlaaustral.com.ar\/guerra-malvinas\/wp-json\/wp\/v2\/pages"}],"about":[{"href":"https:\/\/laperlaaustral.com.ar\/guerra-malvinas\/wp-json\/wp\/v2\/types\/page"}],"author":[{"embeddable":true,"href":"https:\/\/laperlaaustral.com.ar\/guerra-malvinas\/wp-json\/wp\/v2\/users\/2"}],"replies":[{"embeddable":true,"href":"https:\/\/laperlaaustral.com.ar\/guerra-malvinas\/wp-json\/wp\/v2\/comments?post=59"}],"version-history":[{"count":64,"href":"https:\/\/laperlaaustral.com.ar\/guerra-malvinas\/wp-json\/wp\/v2\/pages\/59\/revisions"}],"predecessor-version":[{"id":3791,"href":"https:\/\/laperlaaustral.com.ar\/guerra-malvinas\/wp-json\/wp\/v2\/pages\/59\/revisions\/3791"}],"wp:attachment":[{"href":"https:\/\/laperlaaustral.com.ar\/guerra-malvinas\/wp-json\/wp\/v2\/media?parent=59"}],"curies":[{"name":"wp","href":"https:\/\/api.w.org\/{rel}","templated":true}]}}