{"id":113,"date":"2019-06-23T09:56:44","date_gmt":"2019-06-23T09:56:44","guid":{"rendered":"https:\/\/laperlaaustral.com.ar\/guerra-malvinas\/?page_id=113"},"modified":"2019-07-30T19:58:04","modified_gmt":"2019-07-30T19:58:04","slug":"cronologia-guerra-de-malvinas","status":"publish","type":"page","link":"https:\/\/laperlaaustral.com.ar\/guerra-malvinas\/cronologia-guerra-de-malvinas\/","title":{"rendered":"Cronolog\u00eda Guerra de Malvinas"},"content":{"rendered":"\n<h3 class=\"wp-block-heading\">  Marzo  <\/h3>\n\n\n\n<p>Cronolog\u00eda Guerra de Malvinas<\/p>\n\n\n\n<h4 class=\"wp-block-heading\">30 D\u00edas para la Recuperaci\u00f3n<\/h4>\n\n\n\n<h5 class=\"wp-block-heading\"> Cronologia de la guerra de Malvinas &#8211; 2  de Marzo<\/h5>\n\n\n\n<p>El gobierno Argentino transmiti\u00f3 al gobierno Brit\u00e1nico su  requerimiento de una definici\u00f3n sobre la situaci\u00f3n Malvinas, termina con  la siguiente frase :\u00bbLa Argentina ha negociado con Gran Breta\u00f1a con  paciencia, lealtad y buena fe durante m\u00e1s de 15 a\u00f1os , en el marco  se\u00f1alado por las resoluciones pertinentes de las naciones Unidas, la  soluci\u00f3n por la disputa por la soberan\u00eda de las islas. <\/p>\n\n\n\n<p>El nuevo sistema  consultivo (27 de Enero)  constituye un paso eficaz para la  pronta soluci\u00f3n de esta disputa. Por lo dem\u00e1s si esto no ocurriera la  Argentina mantiene el derecho de poner en funcionamiento ese mecanismo y  de elegir libremente el procedimiento que consulte sus derechos. El  Gobierno Brit\u00e1nico habr\u00eda dispuesto ante este requerimiento : Preparar  planes de contingencia ya no quedan otras alternativas para impedir que  la disputa tarde \u00f3 temprano se transforme en un confrontaci\u00f3n m\u00e1s  abierta (informe FRANK). <\/p>\n\n\n\n<h5 class=\"wp-block-heading\">  6 de Marzo <\/h5>\n\n\n\n<p>Luego de la  exposici\u00f3n de cada miembro del grupo de trabajo ante sus respectivas  fuerzas, se aprueba en forma independiente por cada una, el Plan  Esquem\u00e1tico de Campa\u00f1a. El Plan estaba condicionado a obtener la  SORPRESA ESTRAT\u00c9GICA OPERACIONAL y el mantenimiento de las relaciones de  fuerzas establecidas. Adem\u00e1s deb\u00eda ser incruenta para el enemigo,  preve\u00eda, no operar antes del 15 de Mayo y requer\u00eda un PREAVISO de 15  d\u00edas para su ejecuci\u00f3n. <\/p>\n\n\n\n<h5 class=\"wp-block-heading\"> 8 de Marzo .<\/h5>\n\n\n\n<p>El Capit\u00e1n de Fragata  GAFOGLIO, representante de servicio de transportes Navales en Malvinas,  viaja a Malvinas. El Gobernador HUNT le pregunta por <a href=\"https:\/\/laperlaaustral.com.ar\/guerra-malvinas\/las-visitas-de-davidoff\/\">DAVINOFF<\/a> ya que  desea saber donde est\u00e1. <\/p>\n\n\n\n<h5 class=\"wp-block-heading\"> 11 de Marzo .<\/h5>\n\n\n\n<p> Zarpa del Puerto de  Buenos Aires el \u00abBAH\u00cdA BUEN SUCESO\u00bb transportando 39 operarios de  DAVINOFF y 80 Tn. de carga para los mismos rumbo a LEITH &#8211; SAN PEDRO &#8211;  GEORGIAS. <br> <br> 1\u00aa Quincena de Marzo .- Avanza la confecci\u00f3n del  plan esquem\u00e1tico de Campa\u00f1a. La ARMADA est\u00e1 en condiciones de operar con  el BIN2 en la primera quincena de Abril. El EJERCITO a partir del 15 de  Mayo por adiestramiento de sus conscriptos recientemente incorporados.  La FUERZA A\u00c9REA indica que por meteorolog\u00eda prefiere operar en  Agosto\/Setiembre.<\/p>\n\n\n\n<h5 class=\"wp-block-heading\"> 16 de Marzo <\/h5>\n\n\n\n<p>El Comit\u00e9 Militar  decide anular definitivamente la Operaci\u00f3n \u00abALFA\u00bb. El grupo que se  encontraba en USHUAIA adiestr\u00e1ndose en zonas fr\u00edas con el fin de  integrar una estaci\u00f3n Cient\u00edfica, recibe la orden de permanecer  embarcados en el \u00abBAH\u00cdA PARA\u00cdSO\u00bb, preventivamente. (Orden del  Contralmirante OTERO &#8211; Jefe de Operaciones del Estado Mayor Gral. de la  Armada). El jefe del Estado Mayor Conjunto propuso un cronograma de  trabajo el que preve\u00eda la finalizaci\u00f3n de la planificaci\u00f3n a nivel  nacional para el ultimo cuatrimestre de 1982.<\/p>\n\n\n\n<h5 class=\"wp-block-heading\"> 18 de Marzo <\/h5>\n\n\n\n<p>El A.R.A. \u00abBAH\u00cdA BUEN SUCESO\u00bb arriba a puerto LEITH. Desembarca el grupo  DAVINOFF. Se produce un incidente con los brit\u00e1nicos que los estaban  esperando , magnificando los hechos. Zarpa de USHUAIA el \u00abBAH\u00cdA PARA\u00cdSO\u00bb  rumbo a ORCADAS , en misiones propias de la campa\u00f1a Ant\u00e1rtica 81\/82. <br> <\/p>\n\n\n\n<h5 class=\"wp-block-heading\"> Cronologia de la guerra de Malvinas &#8211;  19 de Marzo <\/h5>\n\n\n\n<p>Los Brit\u00e1nicos suponen que la FUERZA A\u00c9REA ARGENTINA  fotografi\u00f3 pto. Argentino, pues hab\u00eda sobrevolado las islas los d\u00edas  16,18,19, hecho que causa intranquilidad y alerta en el gobierno de las  islas. <\/p>\n\n\n\n<p>El Comit\u00e9 Militar dispone estudiar la factibilidad de ocupar  cuanto antes las Malvinas y GEORGIAS, ante la posibilidad de que Gran  Breta\u00f1a refuerce las Islas, env\u00ede submarinos al \u00e1rea y haga imposible  toda acci\u00f3n futura. <\/p>\n\n\n\n<p>Se inicia la etapa de Mar de la Flota.(Prevista por  Plan). Embarca el BIN2 y el batall\u00f3n de veh\u00edculos anfibios con el fin de  hacer pr\u00e1cticas de desembarco &#8211; La etapa finalizar\u00e1 el 26 de Marzo. <\/p>\n\n\n\n<p>El  embajador Brit\u00e1nico en Buenos Aires informa a la junta Militar que tiene  conocimiento que personal civil y militar desembarco en LEITH en  cantidad apreciable, Presenta un reclamo diplom\u00e1tico como un serio  incidente y conmina que si el personal no reembarca de inmediato el  gobierno Ingl\u00e9s tomar\u00eda las acciones que creyera conveniente. Manifest\u00f3  que quiere contestaci\u00f3n con car\u00e1cter de urgente. La canciller\u00eda  Argentina comunica al Embajador Brit\u00e1nico que el transporte ten\u00eda  car\u00e1cter comercial, que no hab\u00eda personal militar Argentino en LEITH y  que este viaje se hab\u00eda comunicado a las autoridades inglesas  oportunamente. <\/p>\n\n\n\n<h5 class=\"wp-block-heading\"> Cronologia de la guerra de Malvinas &#8211;  20 de Marzo<\/h5>\n\n\n\n<p> El transporte \u00abIsla de los  Estados\u00bb llega a Malvinas en un viaje rutinario con carga para las  islas. El \u00abENDURANCE\u00bb se encuentra tambi\u00e9n en las islas con los relevos  para la guarnici\u00f3n de los Royal Marines. El gobernador HUNT retiene la  dotaci\u00f3n saliente duplicando de esa forma la guarnici\u00f3n en MALVINAS <\/p>\n\n\n\n<h3 class=\"wp-block-heading\">Cronologia de la guerra de Malvinas  <strong>del mes de Abril<\/strong><\/h3>\n\n\n\n<h5 class=\"wp-block-heading\">  Cronologia de la guerra de Malvinas &#8211;  2  de Abril : <\/h5>\n\n\n\n<p>EL DESEMBARCO : Las Fuerzas conjuntas argentinas ponen pie  en las islas . El desembarco se hace sin ocasionar bajas a los  brit\u00e1nicos ni a los Kelpers. En los enfrentamientos se produce la  primera baja de las fuerzas conjuntas, cae abatido por fuego enemigo el  infante de marina Capit\u00e1n de Corbeta <a href=\"https:\/\/laperlaaustral.com.ar\/laperlaaustral\/Condecoracionesview.php?showdetail=&amp;id=10887\" target=\"_blank\" rel=\"noreferrer noopener\" aria-label=\"PEDRO EDGARDO (opens in a new tab)\">PEDRO EDGARDO<\/a> GIACHINO. Gran  Breta\u00f1a alerta a su Flota y el Consejo de Seguridad de las Naciones  Unidas decide tratar la cuesti\u00f3n. En la Plaza de Mayo se realiza un acto  popular de adhesi\u00f3n a la recuperaci\u00f3n de las Malvinas, el presidente  Galtieri da un mensaje al pa\u00eds.<\/p>\n\n\n\n<h5 class=\"wp-block-heading\">3 de Abril : <\/h5>\n\n\n\n<p>La \u00abTask Force\u00bb :  Oficialmente se informa que las Malvinas, Georgias y Sandwich del Sur  est\u00e1n bajo soberan\u00eda Argentina. Londres advierte que se aplicar\u00e1n  sanciones econ\u00f3micas y resuelve el env\u00edo de la Task Force (fuerzas de  tareas), en acci\u00f3n punitiva, al Atl\u00e1ntico Sur. El Consejo de Seguridad  de las Naciones Unidas aprueba la Resoluci\u00f3n 502, que exige el retiro  argentino de las islas y la iniciaci\u00f3n de negociaciones. Votan a favor  de la resoluci\u00f3n en contra de la Argentina : EE.UU., Francia, Guayana,  Irlanda, Jap\u00f3n, Jordania, Togo, Uganda, Zaire, y Gran Breta\u00f1a. Se  abstuvieron: Uni\u00f3n Sovi\u00e9tica, China, Polonia y Espa\u00f1a. En contra s\u00f3lo  vot\u00f3 Panam\u00e1. El General Mario Benjam\u00edn Men\u00e9ndez es nombrado Gobernador  Militar de las Islas Malvinas y se pide una sesi\u00f3n extraordinaria de la  OEA.  <\/p>\n\n\n\n<p>La Ocupaci\u00f3n de Georgias: Fuerzas argentinas  ocupan las islas Georgias y se anuncia oficialmente el hecho. Se  producen tres (3) bajas propias. <\/p>\n\n\n\n<h5 class=\"wp-block-heading\">  5 de Abril: <\/h5>\n\n\n\n<p>Solidaridad  Peruana : La acci\u00f3n argentina provoca la renuncia del canciller ingl\u00e9s,  lord Carrington. La escuadra brit\u00e1nica parte de su apostadero en  Portsmouth. La Comunidad Econ\u00f3mica Europea respalda la decisi\u00f3n inglesa  de aplicar sanciones econ\u00f3micas a la Argentina, y el Per\u00fa define su  posici\u00f3n decidida en favor de la Argentina. <\/p>\n\n\n\n<h5 class=\"wp-block-heading\">  6 de Abril : <\/h5>\n\n\n\n<p>Hay y  Costa M\u00e9ndez: Designado por el presidente Reagan para interceder en el  conflicto, el General Alexander Haig conferencia con el Canciller  Argentino, Nicanor Costa M\u00e9ndez, en Washington. <\/p>\n\n\n\n<h5 class=\"wp-block-heading\">7 de Abril :  <\/h5>\n\n\n\n<p>Bloqueo y convocatoria: Viaja Haig a Londres, y los ingleses disponen el  bloqueo naval hasta 200 millas de las Malvinas. La Argentina convoca a  sus reservas y Costa M\u00e9ndez regresa a Buenos Aires. <\/p>\n\n\n\n<h5 class=\"wp-block-heading\">8 de Abril  : <\/h5>\n\n\n\n<p>Intransigencia: Alexander Haig se entrevista con Margaret Thatcher,  quien se muestra intransigente. Argentina crea un puente a\u00e9reo para  aprovisionar a las tropas destacadas en las Malvinas. se anuncia que la  fuerza naval inglesa navega a la altura de las Islas Azores. <\/p>\n\n\n\n<h5 class=\"wp-block-heading\">10 de Abril: <\/h5>\n\n\n\n<p>Haig con Galtieri: El Presidente Galtieri mantiene una  reuni\u00f3n con Haig, reci\u00e9n llegado de Londres, mientras tanto se lleva a  cabo otra manifestaci\u00f3n popular de apoyo a la recuperaci\u00f3n de las Islas  Malvinas Galtieri, desde los balcones de la Casa Rosada, dirige la  palabra a los manifestantes. <\/p>\n\n\n\n<h5 class=\"wp-block-heading\"> 11 de Abril: <\/h5>\n\n\n\n<p>No a la soluci\u00f3n y  reflexi\u00f3n Papal: Mientras se anuncia que las conversaciones no han  llegado a soluci\u00f3n alguna, Juan Pablo II exhorta a ambos pa\u00edses a  deponer actitudes extremas. Haig regresa a Londres. Costa M\u00e9ndez afirma  que el di\u00e1logo prosigue. <\/p>\n\n\n\n<h5 class=\"wp-block-heading\">12 de Abril : <\/h5>\n\n\n\n<p>Bloqueo : Telef\u00f3nicamente Haig comunica a Costa M\u00e9ndez, desde <br>  Londres, que Gran Breta\u00f1a es irreductible. De madrugada, las naves de  la Task Force bloquean las islas, en tanto la Flota de Mar Argentina  permanece en sus apostaderos. <\/p>\n\n\n\n<h5 class=\"wp-block-heading\"> 14 de Abril : <\/h5>\n\n\n\n<p>Posible salida:  mientras Galtieri comunica telef\u00f3nicamente a Reagan que existe  disposici\u00f3n para encontrar una salida pac\u00edfica, Haig regresa a Buenos  Aires desde Londres. All\u00ed la actuaci\u00f3n de Thatcher recibe el respaldo de  la C\u00e1mara de los Comunes. <\/p>\n\n\n\n<h5 class=\"wp-block-heading\">17 de Abril: <\/h5>\n\n\n\n<p>M\u00e1s conversaciones:  Entre tanto, en Buenos Aires prosiguen las conversaciones de Haig y  autoridades nacionales, sin conclusi\u00f3n positiva. <\/p>\n\n\n\n<h5 class=\"wp-block-heading\">19 de Abril :  <\/h5>\n\n\n\n<p>El TIAR : Costa M\u00e9ndez anuncia el pedido de aplicaci\u00f3n del Tratado  Interamericano de Asistencia Rec\u00edproca (TIAR) ante la OEA y Haig regresa  a los Estados Unidos. <\/p>\n\n\n\n<h5 class=\"wp-block-heading\">20 de Abril: <\/h5>\n\n\n\n<p>Los Cancilleres: Por 18  votos a favor y tres abstenciones logra la Argentina la convocatoria  para una reuni\u00f3n de Cancilleres americanos. <\/p>\n\n\n\n<h5 class=\"wp-block-heading\">22 de Abril: <\/h5>\n\n\n\n<p>Inspecci\u00f3n: Galtieri procede a inspeccionar las tropas acantonadas en Malvinas. <\/p>\n\n\n\n<h5 class=\"wp-block-heading\">25 de Abril : <\/h5>\n\n\n\n<p>Ataques Brit\u00e1nicos: se conocen ataques ingleses en  distintos puntos de Georgias ( Puerto Leith y Grytviken ). El teniente  de nav\u00edo Alfredo Astiz, al mando de los efectivos, firma la rendici\u00f3n,  sin haber opuesto resistencia. <\/p>\n\n\n\n<h5 class=\"wp-block-heading\"> 26 de Abril : <\/h5>\n\n\n\n<p>La Respuesta : Hasta la \u00faltima capacidad defensiva estar\u00e1n dispuestas para el combate, informa la Junta Militar. <\/p>\n\n\n\n<h5 class=\"wp-block-heading\">27 de Abril: <\/h5>\n\n\n\n<p>El coronel Mabraga\u00f1a recibe la orden de trasladarse por  helic\u00f3ptero y barcos peque\u00f1os a Puerto Howard, con la misi\u00f3n de ocupar  el sector y constituirse en parte del dispositivo de la III Brigada de  Infanter\u00eda. <\/p>\n\n\n\n<h5 class=\"wp-block-heading\"> 30 de Abril : <\/h5>\n\n\n\n<p>Los hostiles. Las autoridades  argentinas disponen que las aeronaves y buques brit\u00e1nicos sean  considerados \u00abhostiles\u00bb. En forma accidental, en Caleta Olivia cae un  helic\u00f3ptero del Ej\u00e9rcito Argentino, donde perecen 10 militares Los  ingleses inician la Operaci\u00f3n Black Buck<\/p>\n\n\n\n<h3 class=\"wp-block-heading\"> Cronologia de la Guerra de Malvinas  <strong>d\u00eda a d\u00eda Mayo<\/strong><\/h3>\n\n\n\n<h5 class=\"wp-block-heading\">1  de Mayo : <\/h5>\n\n\n\n<p>PRIMER ATAQUE AEREO: se comienzan a conocer a trav\u00e9s de  informes del Estado Mayor Conjunto las acciones b\u00e9licas en el Atl\u00e1ntico  Sur. La aviaci\u00f3n brit\u00e1nica ataca en cuatro ocasiones a Puerto Argentino,  helic\u00f3pteros brit\u00e1nicos operan contra Puerto Darwin. Desde las fragatas  brit\u00e1nicas ca\u00f1onean Puerto Argentino. Los intentos de desembarcos  fueron rechazados por fuerzas argentinas. Una fragata inglesa resulta  averiada y cinco aviones Harrier destruidos. La clase 1961 es convocada.  El presidente Galtieri, en un discurso dirigido al pa\u00eds, recalca que la  Argentina \u00abresponder\u00e1 al ataque\u00bb.<\/p>\n\n\n\n<h5 class=\"wp-block-heading\"> 2 de Mayo : <\/h5>\n\n\n\n<p>El HUNDIMIENTO  DEL CRUCERO GENERAL BELGRANO : Fuera de la zona de exclusi\u00f3n declarada  por los brit\u00e1nicos, el submarino at\u00f3mico ingl\u00e9s Conqueror hunde al  Crucero ARA General Belgrano, con un saldo de 323 v\u00edctimas entre  desaparecidos y muertos. El Aviso \u00abSobral\u00bb tambi\u00e9n atacado, informa que  varios tripulantes murieron. Posteriormente se inform\u00f3 que fueron ocho,  entre ellos el capit\u00e1n de la nave. <\/p>\n\n\n\n<h5 class=\"wp-block-heading\">4 de Mayo : <\/h5>\n\n\n\n<p>HUNDIMIENTO DEL  HMS SHEFFIELD: Nuevas incursiones a\u00e9reas de los ingleses sobre Puerto  Argentino y Puerto Darwin. Aviones navales argentinos, equipados con  misiles Exocet, atacan al destructor ingl\u00e9s Sheffield, hundi\u00e9ndolo. <\/p>\n\n\n\n<h5 class=\"wp-block-heading\">5 de Mayo: <\/h5>\n\n\n\n<p>Condena : El delegado argentino ante las Naciones Unidas,  Eduardo Roca, condena severamente a los Estados Unidos por su apoyo a  Gran Breta\u00f1a. Se acepta la intervenci\u00f3n del organismo como mediador. <\/p>\n\n\n\n<h5 class=\"wp-block-heading\">6 de Mayo : <\/h5>\n\n\n\n<p>Paso previo: La U.N. propone, como paso previo a la  iniciaci\u00f3n de las conversaciones, el retiro de las fuerzas de ambos  pa\u00edses del archipi\u00e9lago. Al d\u00eda siguiente Londres amplia el bloque naval  a s\u00f3lo 12 millas del litoral mar\u00edtimo argentino. <\/p>\n\n\n\n<h5 class=\"wp-block-heading\">9 de Mayo :  <\/h5>\n\n\n\n<p>Es hundido el pesquero argentino \u00abNarwal\u00bb por la aviaci\u00f3n inglesa,  quienes tambi\u00e9n atacaron con cohetes y ametrallaron a las embarcaciones  de salvamento. <\/p>\n\n\n\n<h5 class=\"wp-block-heading\">10 de Mayo: <\/h5>\n\n\n\n<p>Exclusi\u00f3n : Gran Breta\u00f1a decreta  una zona de exclusi\u00f3n a\u00e9rea alrededor de la isla de Ascensi\u00f3n ,  equivalente a 100 millas n\u00e1uticas.  <\/p>\n\n\n\n<h5 class=\"wp-block-heading\">12 de Mayo : <\/h5>\n\n\n\n<p>Desde  Southampton : Parten, a bordo del transatl\u00e1ntico Queen Elizabeth, 3000  soldados brit\u00e1nicos hacia el Teatro de Operaciones, entre ellos, un  regimiento de \u00abgurkas\u00bb. Aviones argentinos causan aver\u00edas a dos  fragatas, con p\u00e9rdidas de dos m\u00e1quinas y un helic\u00f3pteros ingl\u00e9s. <\/p>\n\n\n\n<h5 class=\"wp-block-heading\">14 de Mayo : <\/h5>\n\n\n\n<p>Regreso : Llegan a Buenos Aires los 189 argentinos  capturados en las Georgias. Entre ellos, los trabajadores cuya presencia  en el archipi\u00e9lago gener\u00f3 el enfrentamiento. Los aviones brit\u00e1nicos  persisten en su ataque a las islas. <\/p>\n\n\n\n<h5 class=\"wp-block-heading\">15 de Mayo: <\/h5>\n\n\n\n<p>Embarcaciones brit\u00e1nicas ca\u00f1onean Puerto Calder\u00f3n, isla de Bord\u00f3n, afectando a tres aviones argentinos. <\/p>\n\n\n\n<h5 class=\"wp-block-heading\">16 de Mayo: <\/h5>\n\n\n\n<p>Acci\u00f3n a\u00e9rea: Como consecuencia del ataque a\u00e9reo brit\u00e1nico a  barcos mercantes argentinos, resulta hundido el \u00abR\u00edo Carcara\u00f1\u00e1\u00bb y  averiado el \u00abBah\u00eda Buen Suceso\u00bb. Nuevos ataques a\u00e9reos a Isla Soledad. <\/p>\n\n\n\n<h5 class=\"wp-block-heading\">17 de Mayo : <\/h5>\n\n\n\n<p>por una semana m\u00e1s renueva las sanciones la Comunidad Econ\u00f3mica Europea .<\/p>\n\n\n\n<h5 class=\"wp-block-heading\"> 19 de Mayo: <\/h5>\n\n\n\n<p>Misa concelebrada: mientras los ingleses persisten en el  hostigamiento a\u00e9reo y con unidades de superficie, el Sumo Pont\u00edfice  convoca a Cardenales Argentinos y Brit\u00e1nicos a concelebrar una misa por  la paz. <\/p>\n\n\n\n<h5 class=\"wp-block-heading\">Cronologia de la guerra de Malvinas &#8211;   20 de Mayo : <\/h5>\n\n\n\n<p>Fracaso : Javier P\u00e9rez de Cuellar,  Secretario General de la ONU, anuncia que sus gestiones en favor de la  Paz resultaron in\u00fatiles. El Gobierno peruano presenta una propuesta, que  tambi\u00e9n fracasa. <br> <\/p>\n\n\n\n<h5 class=\"wp-block-heading\">21 de Mayo : <\/h5>\n\n\n\n<p>CABECERA DE PLAYA : Luego sufrir da\u00f1os de magnitud en cuatro <br>  fragatas y el hundimiento de la Fragata Ardent, perder tres aviones  Harrier y dos helic\u00f3pteros, los brit\u00e1nicos logran establecer una  cabecera de playa en Puerto San Carlos. Los combates aeronavales  tuvieron una gran violencia, reconoci\u00e9ndose en esa batalla el valor de  los aviadores argentinos, quienes perdieron seis aviones y tres  helic\u00f3pteros, las bajas inglesas estimadas fueron 300 . <\/p>\n\n\n\n<h5 class=\"wp-block-heading\">22 de Mayo : <\/h5>\n\n\n\n<p>Es abatido un Harrier en Puerto Darwin. <\/p>\n\n\n\n<h5 class=\"wp-block-heading\">Cronologia de la guerra de Malvinas &#8211;   23 de Mayo : <\/h5>\n\n\n\n<p>Ataque Argentino : Renovados ataques a\u00e9reos, con un avi\u00f3n  argentino derribado y con p\u00e9rdidas navales para los ingleses. El d\u00eda 25  se retiran y se logra el hundimiento de un destructor y un transporte de  tropas brit\u00e1nico. <\/p>\n\n\n\n<h5 class=\"wp-block-heading\">24 de Mayo : <\/h5>\n\n\n\n<p>Es hundida las fragatas brit\u00e1nicas \u00abAntelope\u00bb y \u00abArgonaut\u00bb <\/p>\n\n\n\n<h5 class=\"wp-block-heading\">25 de Mayo : <\/h5>\n\n\n\n<p>Aviones argentinos averiaron a tres fragatas misil\u00edsticas y  hundieron al transporte pesado \u00abAtlantic Conveyor\u00bb y hundieron al  destructor \u00abCoventry\u00bb, la aviaci\u00f3n inglesa ataca Puerto Argentino,  pierde tres Harrier. El Teniente Est\u00e9vez, como \u00faltimo esfuerzo posible,  para evitar la ca\u00edda de la Posici\u00f3n Darwin-Goose Green, su Secci\u00f3n  contraatacar\u00e1 en direcci\u00f3n NO <\/p>\n\n\n\n<h5 class=\"wp-block-heading\">Cronologia de la guerra de Malvinas &#8211;   28 de Mayo : <\/h5>\n\n\n\n<p>Reclamo Papal y avance ingl\u00e9s: Un encendido reclamo por una paz <br>  justa y honrosa formula Juan Pablo II en Londres, durante su visita.  Mientras tanto, las tropas inglesas, engrosadas por nuevos contingentes,  cuatro regimiento con un total de 3800 hombres, avanzan sobre Darwin y  Pradera del Ganso. El Coronel Paggi le ordena al Suteniente Gomez  Centuri\u00f3n realizar un contraataque sobre el sector norte. Por otra  parte, durante una reuni\u00f3n del TIAR qued\u00f3 aprobada una resoluci\u00f3n  favorable a la argentina. <\/p>\n\n\n\n<h5 class=\"wp-block-heading\">30 de Mayo: <\/h5>\n\n\n\n<p>El Invencible : se  informa que la aviaci\u00f3n argentina, despu\u00e9s de un intenso operativo  consigue averiar al portaaviones \u00abInvencible\u00bb. Londres no confirm\u00f3 nunca  la informaci\u00f3n.<\/p>\n\n\n\n<h3 class=\"wp-block-heading\"> Cronologia de la Guerra de Malvinas  <strong>del mes de Junio<\/strong><\/h3>\n\n\n\n<h5 class=\"wp-block-heading\">2  de Junio : <\/h5>\n\n\n\n<p>Combates, resoluci\u00f3n y fracaso: Las gestiones de paz de la  ONU volvieron a fracasar . Avanzadas brit\u00e1nicas se encuentran a 20  kil\u00f3metros de Puerto Argentino y el Consejo de Seguridad de la Naciones  Unidas aprob\u00f3 la resoluci\u00f3n 505, que designa mediador a P\u00e9rez de  Cu\u00e9llar.<\/p>\n\n\n\n<h5 class=\"wp-block-heading\"> 3 de Junio: <\/h5>\n\n\n\n<p>Con los No Alineados: en la Habana, ante  los representantes de los No Alineados, el Canciller Costa M\u00e9ndez  pronuncia un discurso. <\/p>\n\n\n\n<h5 class=\"wp-block-heading\"> 4 de Junio : <\/h5>\n\n\n\n<p>Veto : Un nuevo proyecto  de cese del fuego es vetado en las Naciones Unidas por los Estados  Unidos y Gran Breta\u00f1a.<\/p>\n\n\n\n<h5 class=\"wp-block-heading\">Cronologia de la guerra de Malvinas &#8211;   8 de Junio: <\/h5>\n\n\n\n<p>Desembarco rechazado: La  Fuerza A\u00e9rea Argentina rechaza un intento de desembarco ingl\u00e9s en Fitz  Roy y Bah\u00eda Agradable. Son hundidos la fragata Plymouth y los  transportes de tropas Sir Galahad y Sir Trist\u00e1n. <\/p>\n\n\n\n<h5 class=\"wp-block-heading\"> 11 de Junio :  <\/h5>\n\n\n\n<p>Llega el Papa: Para convocar a una uni\u00f3n por la paz llega Juan Pablo II  a la Argentina, en medio de una fervorosa manifestaci\u00f3n. <\/p>\n\n\n\n<h5 class=\"wp-block-heading\">12  de Junio: <\/h5>\n\n\n\n<p>ATAQUE AL HMS <a href=\"https:\/\/laperlaaustral.com.ar\/guerra-malvinas\/instalacion-de-tiro-berreta-itb\/\" target=\"_blank\" rel=\"noreferrer noopener\" aria-label=\"GLAMORGAN (opens in a new tab)\">GLAMORGAN<\/a>: \u00faltima v\u00edctima del Exocet. Las tropas  inglesas avanzan hacia Puerto Argentino en b\u00fasqueda de la batalla  final. <\/p>\n\n\n\n<h5 class=\"wp-block-heading\"> 13 de Junio : <\/h5>\n\n\n\n<p>Penetraci\u00f3n : en dificultoso avance, las  fuerzas brit\u00e1nicas penetran las defensas argentinas. <a rel=\"noreferrer noopener\" aria-label=\"Son rechazados los guardias Escoceses (opens in a new tab)\" href=\"https:\/\/laperlaaustral.com.ar\/guerra-malvinas\/rechazando-el-ataque-de-la-guardia-escocesa-de-la-reina\/\" target=\"_blank\">Son rechazados los guardias Escoceses<\/a> de la Reina. En Buenos Aires, por la noche, al  saberse el ep\u00edlogo de la lucha, se realiz\u00f3 una manifestaci\u00f3n solicitando  la no rendici\u00f3n. <\/p>\n\n\n\n<h5 class=\"wp-block-heading\">Cronologia de la guerra de Malvinas &#8211;  14 de Junio : <\/h5>\n\n\n\n<p>Alto el fuego : entre los  Generales Jeremy Moore y <a href=\"https:\/\/laperlaaustral.com.ar\/laperlaaustral\/Condecoracionesview.php?showdetail=&amp;id=16566\" target=\"_blank\" rel=\"noreferrer noopener\" aria-label=\"Mario Benjam\u00edn Men\u00e9ndez (opens in a new tab)\">Mario Benjam\u00edn Men\u00e9ndez<\/a>, respectivamente  comandante de las fuerzas brit\u00e1nicas y Gobernador militar de las Islas  Malvinas, queda parlamentado el alto al fuego y la consiguiente  rendici\u00f3n. En Buenos Aires, al tomar conocimiento de los hechos, en  horas de la noche se realiza una manifestaci\u00f3n en rechazo a la  rendici\u00f3n, en la que se produjeron desmanes y fue reprimida por la  polic\u00eda.<\/p>\n","protected":false},"excerpt":{"rendered":"<p>Marzo Cronolog\u00eda Guerra de Malvinas 30 D\u00edas para la Recuperaci\u00f3n Cronologia de la guerra de Malvinas &#8211; 2 de Marzo El gobierno Argentino transmiti\u00f3 al gobierno Brit\u00e1nico su requerimiento de una definici\u00f3n sobre la situaci\u00f3n Malvinas, termina con la siguiente frase :\u00bbLa Argentina ha negociado con Gran Breta\u00f1a con paciencia, lealtad y buena fe durante&hellip; <br \/> <a class=\"read-more\" href=\"https:\/\/laperlaaustral.com.ar\/guerra-malvinas\/cronologia-guerra-de-malvinas\/\">Leer m\u00e1s<\/a><\/p>\n","protected":false},"author":2,"featured_media":2873,"parent":0,"menu_order":0,"comment_status":"closed","ping_status":"closed","template":"","meta":{"_monsterinsights_skip_tracking":false,"_monsterinsights_sitenote_active":false,"_monsterinsights_sitenote_note":"","_monsterinsights_sitenote_category":0,"footnotes":""},"yoast_head":"<!-- This site is optimized with the Yoast SEO plugin v23.4 - https:\/\/yoast.com\/wordpress\/plugins\/seo\/ -->\n<title>Cronolog\u00eda Guerra de Malvinas - La Perla Austral<\/title>\n<meta name=\"description\" content=\"La Perla Austral - Guerra de Malvinas, actuacion de las fuerzas armadas argentinas en el conflicto del atlantico sur, sus protagonistas, sus historias,\" \/>\n<meta name=\"robots\" content=\"index, follow, max-snippet:-1, max-image-preview:large, max-video-preview:-1\" \/>\n<link rel=\"canonical\" href=\"http:\/\/laperlaaustral.com.ar\/guerra-malvinas\/cronologia-guerra-de-malvinas\/\" \/>\n<meta property=\"og:locale\" content=\"es_ES\" \/>\n<meta property=\"og:type\" content=\"article\" \/>\n<meta property=\"og:title\" content=\"Cronolog\u00eda Guerra de Malvinas - La Perla Austral\" \/>\n<meta property=\"og:description\" content=\"La Perla Austral - Guerra de Malvinas, actuacion de las fuerzas armadas argentinas en el conflicto del atlantico sur, sus protagonistas, sus historias,\" \/>\n<meta property=\"og:url\" content=\"http:\/\/laperlaaustral.com.ar\/guerra-malvinas\/cronologia-guerra-de-malvinas\/\" \/>\n<meta property=\"og:site_name\" content=\"La Perla Austral\" \/>\n<meta property=\"article:publisher\" content=\"https:\/\/www.facebook.com\/La-Perla-Austra-487959322032195\" \/>\n<meta property=\"article:modified_time\" content=\"2019-07-30T19:58:04+00:00\" \/>\n<meta property=\"og:image\" content=\"http:\/\/laperlaaustral.com.ar\/guerra-malvinas\/wp-content\/uploads\/2019\/07\/listado-de-veteranos.jpg\" \/>\n\t<meta property=\"og:image:width\" content=\"1276\" \/>\n\t<meta property=\"og:image:height\" content=\"426\" \/>\n\t<meta property=\"og:image:type\" content=\"image\/jpeg\" \/>\n<meta name=\"twitter:card\" content=\"summary_large_image\" \/>\n<meta name=\"twitter:label1\" content=\"Tiempo de lectura\" \/>\n\t<meta name=\"twitter:data1\" content=\"15 minutos\" \/>\n<script type=\"application\/ld+json\" class=\"yoast-schema-graph\">{\"@context\":\"https:\/\/schema.org\",\"@graph\":[{\"@type\":\"WebPage\",\"@id\":\"http:\/\/laperlaaustral.com.ar\/guerra-malvinas\/cronologia-guerra-de-malvinas\/\",\"url\":\"http:\/\/laperlaaustral.com.ar\/guerra-malvinas\/cronologia-guerra-de-malvinas\/\",\"name\":\"Cronolog\u00eda Guerra de Malvinas - La Perla Austral\",\"isPartOf\":{\"@id\":\"http:\/\/laperlaaustral.com.ar\/guerra-malvinas\/#website\"},\"primaryImageOfPage\":{\"@id\":\"http:\/\/laperlaaustral.com.ar\/guerra-malvinas\/cronologia-guerra-de-malvinas\/#primaryimage\"},\"image\":{\"@id\":\"http:\/\/laperlaaustral.com.ar\/guerra-malvinas\/cronologia-guerra-de-malvinas\/#primaryimage\"},\"thumbnailUrl\":\"https:\/\/laperlaaustral.com.ar\/guerra-malvinas\/wp-content\/uploads\/2019\/07\/listado-de-veteranos.jpg\",\"datePublished\":\"2019-06-23T09:56:44+00:00\",\"dateModified\":\"2019-07-30T19:58:04+00:00\",\"description\":\"La Perla Austral - Guerra de Malvinas, actuacion de las fuerzas armadas argentinas en el conflicto del atlantico sur, sus protagonistas, sus historias,\",\"breadcrumb\":{\"@id\":\"http:\/\/laperlaaustral.com.ar\/guerra-malvinas\/cronologia-guerra-de-malvinas\/#breadcrumb\"},\"inLanguage\":\"es\",\"potentialAction\":[{\"@type\":\"ReadAction\",\"target\":[\"http:\/\/laperlaaustral.com.ar\/guerra-malvinas\/cronologia-guerra-de-malvinas\/\"]}]},{\"@type\":\"ImageObject\",\"inLanguage\":\"es\",\"@id\":\"http:\/\/laperlaaustral.com.ar\/guerra-malvinas\/cronologia-guerra-de-malvinas\/#primaryimage\",\"url\":\"https:\/\/laperlaaustral.com.ar\/guerra-malvinas\/wp-content\/uploads\/2019\/07\/listado-de-veteranos.jpg\",\"contentUrl\":\"https:\/\/laperlaaustral.com.ar\/guerra-malvinas\/wp-content\/uploads\/2019\/07\/listado-de-veteranos.jpg\",\"width\":1276,\"height\":426,\"caption\":\"Condecoraciones de la Guerra de Malvinas\"},{\"@type\":\"BreadcrumbList\",\"@id\":\"http:\/\/laperlaaustral.com.ar\/guerra-malvinas\/cronologia-guerra-de-malvinas\/#breadcrumb\",\"itemListElement\":[{\"@type\":\"ListItem\",\"position\":1,\"name\":\"Portada\",\"item\":\"https:\/\/laperlaaustral.com.ar\/guerra-malvinas\/\"},{\"@type\":\"ListItem\",\"position\":2,\"name\":\"Cronolog\u00eda Guerra de Malvinas\"}]},{\"@type\":\"WebSite\",\"@id\":\"http:\/\/laperlaaustral.com.ar\/guerra-malvinas\/#website\",\"url\":\"http:\/\/laperlaaustral.com.ar\/guerra-malvinas\/\",\"name\":\"La Perla Austral\",\"description\":\"Guerra de Malvinas 1982\",\"potentialAction\":[{\"@type\":\"SearchAction\",\"target\":{\"@type\":\"EntryPoint\",\"urlTemplate\":\"http:\/\/laperlaaustral.com.ar\/guerra-malvinas\/?s={search_term_string}\"},\"query-input\":{\"@type\":\"PropertyValueSpecification\",\"valueRequired\":true,\"valueName\":\"search_term_string\"}}],\"inLanguage\":\"es\"}]}<\/script>\n<!-- \/ Yoast SEO plugin. -->","yoast_head_json":{"title":"Cronolog\u00eda Guerra de Malvinas - La Perla Austral","description":"La Perla Austral - Guerra de Malvinas, actuacion de las fuerzas armadas argentinas en el conflicto del atlantico sur, sus protagonistas, sus historias,","robots":{"index":"index","follow":"follow","max-snippet":"max-snippet:-1","max-image-preview":"max-image-preview:large","max-video-preview":"max-video-preview:-1"},"canonical":"http:\/\/laperlaaustral.com.ar\/guerra-malvinas\/cronologia-guerra-de-malvinas\/","og_locale":"es_ES","og_type":"article","og_title":"Cronolog\u00eda Guerra de Malvinas - La Perla Austral","og_description":"La Perla Austral - Guerra de Malvinas, actuacion de las fuerzas armadas argentinas en el conflicto del atlantico sur, sus protagonistas, sus historias,","og_url":"http:\/\/laperlaaustral.com.ar\/guerra-malvinas\/cronologia-guerra-de-malvinas\/","og_site_name":"La Perla Austral","article_publisher":"https:\/\/www.facebook.com\/La-Perla-Austra-487959322032195","article_modified_time":"2019-07-30T19:58:04+00:00","og_image":[{"width":1276,"height":426,"url":"http:\/\/laperlaaustral.com.ar\/guerra-malvinas\/wp-content\/uploads\/2019\/07\/listado-de-veteranos.jpg","type":"image\/jpeg"}],"twitter_card":"summary_large_image","twitter_misc":{"Tiempo de lectura":"15 minutos"},"schema":{"@context":"https:\/\/schema.org","@graph":[{"@type":"WebPage","@id":"http:\/\/laperlaaustral.com.ar\/guerra-malvinas\/cronologia-guerra-de-malvinas\/","url":"http:\/\/laperlaaustral.com.ar\/guerra-malvinas\/cronologia-guerra-de-malvinas\/","name":"Cronolog\u00eda Guerra de Malvinas - La Perla Austral","isPartOf":{"@id":"http:\/\/laperlaaustral.com.ar\/guerra-malvinas\/#website"},"primaryImageOfPage":{"@id":"http:\/\/laperlaaustral.com.ar\/guerra-malvinas\/cronologia-guerra-de-malvinas\/#primaryimage"},"image":{"@id":"http:\/\/laperlaaustral.com.ar\/guerra-malvinas\/cronologia-guerra-de-malvinas\/#primaryimage"},"thumbnailUrl":"https:\/\/laperlaaustral.com.ar\/guerra-malvinas\/wp-content\/uploads\/2019\/07\/listado-de-veteranos.jpg","datePublished":"2019-06-23T09:56:44+00:00","dateModified":"2019-07-30T19:58:04+00:00","description":"La Perla Austral - Guerra de Malvinas, actuacion de las fuerzas armadas argentinas en el conflicto del atlantico sur, sus protagonistas, sus historias,","breadcrumb":{"@id":"http:\/\/laperlaaustral.com.ar\/guerra-malvinas\/cronologia-guerra-de-malvinas\/#breadcrumb"},"inLanguage":"es","potentialAction":[{"@type":"ReadAction","target":["http:\/\/laperlaaustral.com.ar\/guerra-malvinas\/cronologia-guerra-de-malvinas\/"]}]},{"@type":"ImageObject","inLanguage":"es","@id":"http:\/\/laperlaaustral.com.ar\/guerra-malvinas\/cronologia-guerra-de-malvinas\/#primaryimage","url":"https:\/\/laperlaaustral.com.ar\/guerra-malvinas\/wp-content\/uploads\/2019\/07\/listado-de-veteranos.jpg","contentUrl":"https:\/\/laperlaaustral.com.ar\/guerra-malvinas\/wp-content\/uploads\/2019\/07\/listado-de-veteranos.jpg","width":1276,"height":426,"caption":"Condecoraciones de la Guerra de Malvinas"},{"@type":"BreadcrumbList","@id":"http:\/\/laperlaaustral.com.ar\/guerra-malvinas\/cronologia-guerra-de-malvinas\/#breadcrumb","itemListElement":[{"@type":"ListItem","position":1,"name":"Portada","item":"https:\/\/laperlaaustral.com.ar\/guerra-malvinas\/"},{"@type":"ListItem","position":2,"name":"Cronolog\u00eda Guerra de Malvinas"}]},{"@type":"WebSite","@id":"http:\/\/laperlaaustral.com.ar\/guerra-malvinas\/#website","url":"http:\/\/laperlaaustral.com.ar\/guerra-malvinas\/","name":"La Perla Austral","description":"Guerra de Malvinas 1982","potentialAction":[{"@type":"SearchAction","target":{"@type":"EntryPoint","urlTemplate":"http:\/\/laperlaaustral.com.ar\/guerra-malvinas\/?s={search_term_string}"},"query-input":{"@type":"PropertyValueSpecification","valueRequired":true,"valueName":"search_term_string"}}],"inLanguage":"es"}]}},"_links":{"self":[{"href":"https:\/\/laperlaaustral.com.ar\/guerra-malvinas\/wp-json\/wp\/v2\/pages\/113"}],"collection":[{"href":"https:\/\/laperlaaustral.com.ar\/guerra-malvinas\/wp-json\/wp\/v2\/pages"}],"about":[{"href":"https:\/\/laperlaaustral.com.ar\/guerra-malvinas\/wp-json\/wp\/v2\/types\/page"}],"author":[{"embeddable":true,"href":"https:\/\/laperlaaustral.com.ar\/guerra-malvinas\/wp-json\/wp\/v2\/users\/2"}],"replies":[{"embeddable":true,"href":"https:\/\/laperlaaustral.com.ar\/guerra-malvinas\/wp-json\/wp\/v2\/comments?post=113"}],"version-history":[{"count":5,"href":"https:\/\/laperlaaustral.com.ar\/guerra-malvinas\/wp-json\/wp\/v2\/pages\/113\/revisions"}],"predecessor-version":[{"id":2890,"href":"https:\/\/laperlaaustral.com.ar\/guerra-malvinas\/wp-json\/wp\/v2\/pages\/113\/revisions\/2890"}],"wp:featuredmedia":[{"embeddable":true,"href":"https:\/\/laperlaaustral.com.ar\/guerra-malvinas\/wp-json\/wp\/v2\/media\/2873"}],"wp:attachment":[{"href":"https:\/\/laperlaaustral.com.ar\/guerra-malvinas\/wp-json\/wp\/v2\/media?parent=113"}],"curies":[{"name":"wp","href":"https:\/\/api.w.org\/{rel}","templated":true}]}}