{"version":"1.0","provider_name":"La Perla Austral","provider_url":"https:\/\/laperlaaustral.com.ar\/guerra-malvinas","author_name":"GomRam","author_url":"https:\/\/laperlaaustral.com.ar\/guerra-malvinas\/author\/ac000164\/","title":"Panorama pol\u00edtico - Las opciones diplom\u00e1ticas - La Perla Austral","type":"rich","width":600,"height":338,"html":"<blockquote class=\"wp-embedded-content\" data-secret=\"HDbeA0tPMP\"><a href=\"https:\/\/laperlaaustral.com.ar\/guerra-malvinas\/panorama-politico-las-opciones-diplomaticas\/\">Panorama pol\u00edtico &#8211; Las opciones diplom\u00e1ticas<\/a><\/blockquote><iframe sandbox=\"allow-scripts\" security=\"restricted\" src=\"https:\/\/laperlaaustral.com.ar\/guerra-malvinas\/panorama-politico-las-opciones-diplomaticas\/embed\/#?secret=HDbeA0tPMP\" width=\"600\" height=\"338\" title=\"\u00abPanorama pol\u00edtico &#8211; Las opciones diplom\u00e1ticas\u00bb \u2014 La Perla Austral\" data-secret=\"HDbeA0tPMP\" frameborder=\"0\" marginwidth=\"0\" marginheight=\"0\" scrolling=\"no\" class=\"wp-embedded-content\"><\/iframe><script type=\"text\/javascript\">\n\/* <![CDATA[ *\/\n\/*! This file is auto-generated *\/\n!function(d,l){\"use strict\";l.querySelector&&d.addEventListener&&\"undefined\"!=typeof URL&&(d.wp=d.wp||{},d.wp.receiveEmbedMessage||(d.wp.receiveEmbedMessage=function(e){var t=e.data;if((t||t.secret||t.message||t.value)&&!\/[^a-zA-Z0-9]\/.test(t.secret)){for(var s,r,n,a=l.querySelectorAll('iframe[data-secret=\"'+t.secret+'\"]'),o=l.querySelectorAll('blockquote[data-secret=\"'+t.secret+'\"]'),c=new RegExp(\"^https?:$\",\"i\"),i=0;i<o.length;i++)o[i].style.display=\"none\";for(i=0;i<a.length;i++)s=a[i],e.source===s.contentWindow&&(s.removeAttribute(\"style\"),\"height\"===t.message?(1e3<(r=parseInt(t.value,10))?r=1e3:~~r<200&&(r=200),s.height=r):\"link\"===t.message&&(r=new URL(s.getAttribute(\"src\")),n=new URL(t.value),c.test(n.protocol))&&n.host===r.host&&l.activeElement===s&&(d.top.location.href=t.value))}},d.addEventListener(\"message\",d.wp.receiveEmbedMessage,!1),l.addEventListener(\"DOMContentLoaded\",function(){for(var e,t,s=l.querySelectorAll(\"iframe.wp-embedded-content\"),r=0;r<s.length;r++)(t=(e=s[r]).getAttribute(\"data-secret\"))||(t=Math.random().toString(36).substring(2,12),e.src+=\"#?secret=\"+t,e.setAttribute(\"data-secret\",t)),e.contentWindow.postMessage({message:\"ready\",secret:t},\"*\")},!1)))}(window,document);\n\/* ]]> *\/\n<\/script>\n","description":"Clar\u00edn, Jueves 3 de junio de 1982, Buenos Aires, Argentina Panorama pol\u00edtico Las opciones diplom\u00e1ticas Por Ricardo Kirschbaum Como era previsible, la gesti\u00f3n de Javier P\u00e9rez de Cuellar ha fracasado. Sin embargo, esto no quiere decir que la mediaci\u00f3n haya terminado definitivamente.Hace siete d\u00edas, el titular de las Naciones Unidas anticip\u00f3 que su labor seria&hellip; Leer m\u00e1s"}